{"id":1243,"date":"2018-12-28T01:54:35","date_gmt":"2018-12-28T00:54:35","guid":{"rendered":"https:\/\/www.rebostavilluis.com\/miel\/"},"modified":"2023-08-30T11:02:41","modified_gmt":"2023-08-30T09:02:41","slug":"comprar-miel","status":"publish","type":"page","link":"https:\/\/www.rebostavilluis.com\/es\/comprar-miel\/","title":{"rendered":"Miel"},"content":{"rendered":"<div id=\"pl-1243\"  class=\"panel-layout\" ><div id=\"pg-1243-0\"  class=\"panel-grid panel-no-style\" ><div id=\"pgc-1243-0-0\"  class=\"panel-grid-cell\" ><div id=\"panel-1243-0-0-0\" class=\"so-panel widget widget_sow-editor panel-first-child panel-last-child\" data-index=\"0\" ><div\n\t\t\t\n\t\t\tclass=\"so-widget-sow-editor so-widget-sow-editor-base\"\n\t\t\t\n\t\t>\n<div class=\"siteorigin-widget-tinymce textwidget\">\n\t<h1 style=\"text-align: center;\"><span style=\"color: #000000;\">Variedad de Miel<\/span><\/h1>\n<\/div>\n<\/div><\/div><\/div><\/div><div id=\"pg-1243-1\"  class=\"panel-grid panel-no-style\" ><div id=\"pgc-1243-1-0\"  class=\"panel-grid-cell\" ><div id=\"panel-1243-1-0-0\" class=\"so-panel widget widget_sow-image panel-first-child\" data-index=\"1\" ><div\n\t\t\t\n\t\t\tclass=\"so-widget-sow-image so-widget-sow-image-default-c67d20f9f743-1243\"\n\t\t\t\n\t\t>\n<div class=\"sow-image-container\">\n\t\t\t<a href=\"https:\/\/www.rebostavilluis.com\/es\/comprar-miel\/mel-de-romani\/\"\n\t\t\t\t\t>\n\t\t\t<img \n\tdata-src=\"https:\/\/www.rebostavilluis.com\/wp-content\/uploads\/2019\/01\/Mel-de-lAvi-Llu\u00eds-gener-2020-Romani-250g.jpg\" width=\"300\" height=\"300\" data-srcset=\"https:\/\/www.rebostavilluis.com\/wp-content\/uploads\/2019\/01\/Mel-de-lAvi-Llu\u00eds-gener-2020-Romani-250g.jpg 300w, https:\/\/www.rebostavilluis.com\/wp-content\/uploads\/2019\/01\/Mel-de-lAvi-Llu\u00eds-gener-2020-Romani-250g-150x150.jpg 150w, https:\/\/www.rebostavilluis.com\/wp-content\/uploads\/2019\/01\/Mel-de-lAvi-Llu\u00eds-gener-2020-Romani-250g-100x100.jpg 100w, https:\/\/www.rebostavilluis.com\/wp-content\/uploads\/2019\/01\/Mel-de-lAvi-Llu\u00eds-gener-2020-Romani-250g-32x32.jpg 32w\" data-sizes=\"(max-width: 300px) 100vw, 300px\" title=\"Miel de Romero 250 gr Rebost Avi Llu\u00eds\" alt=\"Miel de Romero\" \t\tclass=\"so-widget-image lazyload\" src=\"data:image\/svg+xml;base64,PHN2ZyB3aWR0aD0iMSIgaGVpZ2h0PSIxIiB4bWxucz0iaHR0cDovL3d3dy53My5vcmcvMjAwMC9zdmciPjwvc3ZnPg==\" style=\"--smush-placeholder-width: 300px; --smush-placeholder-aspect-ratio: 300\/300;\" \/>\n\t\t\t<\/a><\/div>\n\n<\/div><\/div><div id=\"panel-1243-1-0-1\" class=\"so-panel widget widget_sow-editor panel-last-child\" data-index=\"2\" ><div\n\t\t\t\n\t\t\tclass=\"so-widget-sow-editor so-widget-sow-editor-base\"\n\t\t\t\n\t\t>\n<div class=\"siteorigin-widget-tinymce textwidget\">\n\t<h2 style=\"text-align: center;\"><span style=\"color: #000000;\"><a style=\"color: #000000;\" href=\"https:\/\/www.rebostavilluis.com\/es\/comprar-miel\/mel-de-romani\/\">Miel de Romero<\/a><\/span><\/h2>\n<\/div>\n<\/div><\/div><\/div><div id=\"pgc-1243-1-1\"  class=\"panel-grid-cell\" ><div id=\"panel-1243-1-1-0\" class=\"so-panel widget widget_sow-image panel-first-child\" data-index=\"3\" ><div\n\t\t\t\n\t\t\tclass=\"so-widget-sow-image so-widget-sow-image-default-c67d20f9f743-1243\"\n\t\t\t\n\t\t>\n<div class=\"sow-image-container\">\n\t\t\t<a href=\"\/es\/miel-de-azahar\/\"\n\t\t\t\t\t>\n\t\t\t<img \n\tdata-src=\"https:\/\/www.rebostavilluis.com\/wp-content\/uploads\/2019\/01\/Mel-de-lAvi-Llu\u00eds-gener-2020-Taronger-250g.jpg\" width=\"300\" height=\"300\" data-srcset=\"https:\/\/www.rebostavilluis.com\/wp-content\/uploads\/2019\/01\/Mel-de-lAvi-Llu\u00eds-gener-2020-Taronger-250g.jpg 300w, https:\/\/www.rebostavilluis.com\/wp-content\/uploads\/2019\/01\/Mel-de-lAvi-Llu\u00eds-gener-2020-Taronger-250g-150x150.jpg 150w, https:\/\/www.rebostavilluis.com\/wp-content\/uploads\/2019\/01\/Mel-de-lAvi-Llu\u00eds-gener-2020-Taronger-250g-100x100.jpg 100w, https:\/\/www.rebostavilluis.com\/wp-content\/uploads\/2019\/01\/Mel-de-lAvi-Llu\u00eds-gener-2020-Taronger-250g-32x32.jpg 32w\" data-sizes=\"(max-width: 300px) 100vw, 300px\" title=\"Miel de Azahar 250 gr Rebost Avi Llu\u00eds\" alt=\"Miel de Azahar\" \t\tclass=\"so-widget-image lazyload\" src=\"data:image\/svg+xml;base64,PHN2ZyB3aWR0aD0iMSIgaGVpZ2h0PSIxIiB4bWxucz0iaHR0cDovL3d3dy53My5vcmcvMjAwMC9zdmciPjwvc3ZnPg==\" style=\"--smush-placeholder-width: 300px; --smush-placeholder-aspect-ratio: 300\/300;\" \/>\n\t\t\t<\/a><\/div>\n\n<\/div><\/div><div id=\"panel-1243-1-1-1\" class=\"so-panel widget widget_sow-editor panel-last-child\" data-index=\"4\" ><div\n\t\t\t\n\t\t\tclass=\"so-widget-sow-editor so-widget-sow-editor-base\"\n\t\t\t\n\t\t>\n<div class=\"siteorigin-widget-tinymce textwidget\">\n\t<h2 style=\"text-align: center;\"><a href=\"https:\/\/www.rebostavilluis.com\/es\/miel-de-azahar\/\"><span style=\"color: #000000;\">Miel de Azahar<\/span><\/a><\/h2>\n<\/div>\n<\/div><\/div><\/div><div id=\"pgc-1243-1-2\"  class=\"panel-grid-cell\" ><div id=\"panel-1243-1-2-0\" class=\"so-panel widget widget_sow-image panel-first-child\" data-index=\"5\" ><div\n\t\t\t\n\t\t\tclass=\"so-widget-sow-image so-widget-sow-image-default-c67d20f9f743-1243\"\n\t\t\t\n\t\t>\n<div class=\"sow-image-container\">\n\t\t\t<a href=\"\/es\/miel-de-tomillo\/\"\n\t\t\t\t\t>\n\t\t\t<img \n\tdata-src=\"https:\/\/www.rebostavilluis.com\/wp-content\/uploads\/2019\/01\/Mel-de-lAvi-Llu\u00eds-gener-2020-Farigola-250g.jpg\" width=\"300\" height=\"300\" data-srcset=\"https:\/\/www.rebostavilluis.com\/wp-content\/uploads\/2019\/01\/Mel-de-lAvi-Llu\u00eds-gener-2020-Farigola-250g.jpg 300w, https:\/\/www.rebostavilluis.com\/wp-content\/uploads\/2019\/01\/Mel-de-lAvi-Llu\u00eds-gener-2020-Farigola-250g-150x150.jpg 150w, https:\/\/www.rebostavilluis.com\/wp-content\/uploads\/2019\/01\/Mel-de-lAvi-Llu\u00eds-gener-2020-Farigola-250g-100x100.jpg 100w, https:\/\/www.rebostavilluis.com\/wp-content\/uploads\/2019\/01\/Mel-de-lAvi-Llu\u00eds-gener-2020-Farigola-250g-32x32.jpg 32w\" data-sizes=\"(max-width: 300px) 100vw, 300px\" title=\"Miel de Tomillo 250 gr Rebost Avi Llu\u00eds\" alt=\"Miel de tomillo\" \t\tclass=\"so-widget-image lazyload\" src=\"data:image\/svg+xml;base64,PHN2ZyB3aWR0aD0iMSIgaGVpZ2h0PSIxIiB4bWxucz0iaHR0cDovL3d3dy53My5vcmcvMjAwMC9zdmciPjwvc3ZnPg==\" style=\"--smush-placeholder-width: 300px; --smush-placeholder-aspect-ratio: 300\/300;\" \/>\n\t\t\t<\/a><\/div>\n\n<\/div><\/div><div id=\"panel-1243-1-2-1\" class=\"so-panel widget widget_sow-editor panel-last-child\" data-index=\"6\" ><div\n\t\t\t\n\t\t\tclass=\"so-widget-sow-editor so-widget-sow-editor-base\"\n\t\t\t\n\t\t>\n<div class=\"siteorigin-widget-tinymce textwidget\">\n\t<h2 style=\"text-align: center;\"><span style=\"color: #000000;\"><a style=\"color: #000000;\" href=\"\/es\/miel-de-tomillo\/\">Miel de Tomillo<\/a><\/span><\/h2>\n<\/div>\n<\/div><\/div><\/div><div id=\"pgc-1243-1-3\"  class=\"panel-grid-cell\" ><div id=\"panel-1243-1-3-0\" class=\"so-panel widget widget_sow-image panel-first-child\" data-index=\"7\" ><div\n\t\t\t\n\t\t\tclass=\"so-widget-sow-image so-widget-sow-image-default-c67d20f9f743-1243\"\n\t\t\t\n\t\t>\n<div class=\"sow-image-container\">\n\t\t\t<a href=\"\/es\/miel-de-mil-flores\/\"\n\t\t\t\t\t>\n\t\t\t<img \n\tdata-src=\"https:\/\/www.rebostavilluis.com\/wp-content\/uploads\/2019\/01\/Mel-de-lAvi-Llu\u00eds-gener-2020-Mil-Flors-250g.jpg\" width=\"300\" height=\"300\" data-srcset=\"https:\/\/www.rebostavilluis.com\/wp-content\/uploads\/2019\/01\/Mel-de-lAvi-Llu\u00eds-gener-2020-Mil-Flors-250g.jpg 300w, https:\/\/www.rebostavilluis.com\/wp-content\/uploads\/2019\/01\/Mel-de-lAvi-Llu\u00eds-gener-2020-Mil-Flors-250g-150x150.jpg 150w, https:\/\/www.rebostavilluis.com\/wp-content\/uploads\/2019\/01\/Mel-de-lAvi-Llu\u00eds-gener-2020-Mil-Flors-250g-100x100.jpg 100w, https:\/\/www.rebostavilluis.com\/wp-content\/uploads\/2019\/01\/Mel-de-lAvi-Llu\u00eds-gener-2020-Mil-Flors-250g-32x32.jpg 32w\" data-sizes=\"(max-width: 300px) 100vw, 300px\" title=\"Miel de Mil Flores 250 gr Rebost Avi Llu\u00eds\" alt=\"Miel de mil flores\" \t\tclass=\"so-widget-image lazyload\" src=\"data:image\/svg+xml;base64,PHN2ZyB3aWR0aD0iMSIgaGVpZ2h0PSIxIiB4bWxucz0iaHR0cDovL3d3dy53My5vcmcvMjAwMC9zdmciPjwvc3ZnPg==\" style=\"--smush-placeholder-width: 300px; --smush-placeholder-aspect-ratio: 300\/300;\" \/>\n\t\t\t<\/a><\/div>\n\n<\/div><\/div><div id=\"panel-1243-1-3-1\" class=\"so-panel widget widget_sow-editor panel-last-child\" data-index=\"8\" ><div\n\t\t\t\n\t\t\tclass=\"so-widget-sow-editor so-widget-sow-editor-base\"\n\t\t\t\n\t\t>\n<div class=\"siteorigin-widget-tinymce textwidget\">\n\t<h2 style=\"text-align: center;\"><span style=\"color: #000000;\"><a style=\"color: #000000;\" href=\"\/es\/miel-de-mil-flores\/\">Miel de Mil Flores<\/a><\/span><\/h2>\n<\/div>\n<\/div><\/div><\/div><\/div><div id=\"pg-1243-2\"  class=\"panel-grid panel-no-style\" ><div id=\"pgc-1243-2-0\"  class=\"panel-grid-cell\" ><div id=\"panel-1243-2-0-0\" class=\"so-panel widget widget_sow-image panel-first-child\" data-index=\"9\" ><div\n\t\t\t\n\t\t\tclass=\"so-widget-sow-image so-widget-sow-image-default-c67d20f9f743-1243\"\n\t\t\t\n\t\t>\n<div class=\"sow-image-container\">\n\t\t\t<a href=\"\/es\/miel-de-montana\/\"\n\t\t\t\t\t>\n\t\t\t<img \n\tdata-src=\"https:\/\/www.rebostavilluis.com\/wp-content\/uploads\/2020\/02\/Mel-de-l_Avi-Llu\u00eds-gener-2020-Prat-Muntanya-250g.jpg\" width=\"300\" height=\"300\" data-srcset=\"https:\/\/www.rebostavilluis.com\/wp-content\/uploads\/2020\/02\/Mel-de-l_Avi-Llu\u00eds-gener-2020-Prat-Muntanya-250g.jpg 300w, https:\/\/www.rebostavilluis.com\/wp-content\/uploads\/2020\/02\/Mel-de-l_Avi-Llu\u00eds-gener-2020-Prat-Muntanya-250g-150x150.jpg 150w, https:\/\/www.rebostavilluis.com\/wp-content\/uploads\/2020\/02\/Mel-de-l_Avi-Llu\u00eds-gener-2020-Prat-Muntanya-250g-100x100.jpg 100w, https:\/\/www.rebostavilluis.com\/wp-content\/uploads\/2020\/02\/Mel-de-l_Avi-Llu\u00eds-gener-2020-Prat-Muntanya-250g-32x32.jpg 32w\" data-sizes=\"(max-width: 300px) 100vw, 300px\" title=\"Miel de Alta Monta\u00f1a 250 gr Rebost Avi Llu\u00eds\" alt=\"Miel de alta monta\u00f1a\" \t\tclass=\"so-widget-image lazyload\" src=\"data:image\/svg+xml;base64,PHN2ZyB3aWR0aD0iMSIgaGVpZ2h0PSIxIiB4bWxucz0iaHR0cDovL3d3dy53My5vcmcvMjAwMC9zdmciPjwvc3ZnPg==\" style=\"--smush-placeholder-width: 300px; --smush-placeholder-aspect-ratio: 300\/300;\" \/>\n\t\t\t<\/a><\/div>\n\n<\/div><\/div><div id=\"panel-1243-2-0-1\" class=\"so-panel widget widget_sow-editor panel-last-child\" data-index=\"10\" ><div\n\t\t\t\n\t\t\tclass=\"so-widget-sow-editor so-widget-sow-editor-base\"\n\t\t\t\n\t\t>\n<div class=\"siteorigin-widget-tinymce textwidget\">\n\t<h2 style=\"text-align: center;\"><span style=\"color: #000000;\"><a style=\"color: #000000;\" href=\"\/es\/miel-de-montana\/\">Miel de Alta Monta\u00f1a<\/a><\/span><\/h2>\n<\/div>\n<\/div><\/div><\/div><div id=\"pgc-1243-2-1\"  class=\"panel-grid-cell\" ><div id=\"panel-1243-2-1-0\" class=\"so-panel widget widget_sow-image panel-first-child\" data-index=\"11\" ><div\n\t\t\t\n\t\t\tclass=\"so-widget-sow-image so-widget-sow-image-default-c67d20f9f743-1243\"\n\t\t\t\n\t\t>\n<div class=\"sow-image-container\">\n\t\t\t<a href=\"\/es\/miel-de-eucalipto\/\"\n\t\t\t\t\t>\n\t\t\t<img \n\tdata-src=\"https:\/\/www.rebostavilluis.com\/wp-content\/uploads\/2020\/02\/Mel-de-l_Avi-Llu\u00eds-gener-2020-Eucaliptus-250g.jpg\" width=\"300\" height=\"300\" data-srcset=\"https:\/\/www.rebostavilluis.com\/wp-content\/uploads\/2020\/02\/Mel-de-l_Avi-Llu\u00eds-gener-2020-Eucaliptus-250g.jpg 300w, https:\/\/www.rebostavilluis.com\/wp-content\/uploads\/2020\/02\/Mel-de-l_Avi-Llu\u00eds-gener-2020-Eucaliptus-250g-150x150.jpg 150w, https:\/\/www.rebostavilluis.com\/wp-content\/uploads\/2020\/02\/Mel-de-l_Avi-Llu\u00eds-gener-2020-Eucaliptus-250g-100x100.jpg 100w, https:\/\/www.rebostavilluis.com\/wp-content\/uploads\/2020\/02\/Mel-de-l_Avi-Llu\u00eds-gener-2020-Eucaliptus-250g-32x32.jpg 32w\" data-sizes=\"(max-width: 300px) 100vw, 300px\" title=\"Miel de Eucalipto 250 gr Rebost Avi Llu\u00eds\" alt=\"Miel de eucalipto\" \t\tclass=\"so-widget-image lazyload\" src=\"data:image\/svg+xml;base64,PHN2ZyB3aWR0aD0iMSIgaGVpZ2h0PSIxIiB4bWxucz0iaHR0cDovL3d3dy53My5vcmcvMjAwMC9zdmciPjwvc3ZnPg==\" style=\"--smush-placeholder-width: 300px; --smush-placeholder-aspect-ratio: 300\/300;\" \/>\n\t\t\t<\/a><\/div>\n\n<\/div><\/div><div id=\"panel-1243-2-1-1\" class=\"so-panel widget widget_sow-editor panel-last-child\" data-index=\"12\" ><div\n\t\t\t\n\t\t\tclass=\"so-widget-sow-editor so-widget-sow-editor-base\"\n\t\t\t\n\t\t>\n<div class=\"siteorigin-widget-tinymce textwidget\">\n\t<h2 style=\"text-align: center;\"><span style=\"color: #000000;\"><a style=\"color: #000000;\" href=\"\/es\/miel-de-eucalipto\/\">Miel de Eucalipto<\/a><\/span><\/h2>\n<\/div>\n<\/div><\/div><\/div><div id=\"pgc-1243-2-2\"  class=\"panel-grid-cell\" ><div id=\"panel-1243-2-2-0\" class=\"so-panel widget widget_sow-image panel-first-child\" data-index=\"13\" ><div\n\t\t\t\n\t\t\tclass=\"so-widget-sow-image so-widget-sow-image-default-c67d20f9f743-1243\"\n\t\t\t\n\t\t>\n<div class=\"sow-image-container\">\n\t\t\t<a href=\"\/es\/miel-de-brezo\/\"\n\t\t\t\t\t>\n\t\t\t<img \n\tdata-src=\"https:\/\/www.rebostavilluis.com\/wp-content\/uploads\/2019\/01\/Mel-de-lAvi-Llu\u00eds-gener-2020-Bruc-250g.jpg\" width=\"300\" height=\"300\" data-srcset=\"https:\/\/www.rebostavilluis.com\/wp-content\/uploads\/2019\/01\/Mel-de-lAvi-Llu\u00eds-gener-2020-Bruc-250g.jpg 300w, https:\/\/www.rebostavilluis.com\/wp-content\/uploads\/2019\/01\/Mel-de-lAvi-Llu\u00eds-gener-2020-Bruc-250g-150x150.jpg 150w, https:\/\/www.rebostavilluis.com\/wp-content\/uploads\/2019\/01\/Mel-de-lAvi-Llu\u00eds-gener-2020-Bruc-250g-100x100.jpg 100w, https:\/\/www.rebostavilluis.com\/wp-content\/uploads\/2019\/01\/Mel-de-lAvi-Llu\u00eds-gener-2020-Bruc-250g-32x32.jpg 32w\" data-sizes=\"(max-width: 300px) 100vw, 300px\" title=\"Miel de Brezo 250 gr Rebost Avi Llu\u00eds\" alt=\"Miel de Brezo\" \t\tclass=\"so-widget-image lazyload\" src=\"data:image\/svg+xml;base64,PHN2ZyB3aWR0aD0iMSIgaGVpZ2h0PSIxIiB4bWxucz0iaHR0cDovL3d3dy53My5vcmcvMjAwMC9zdmciPjwvc3ZnPg==\" style=\"--smush-placeholder-width: 300px; --smush-placeholder-aspect-ratio: 300\/300;\" \/>\n\t\t\t<\/a><\/div>\n\n<\/div><\/div><div id=\"panel-1243-2-2-1\" class=\"so-panel widget widget_sow-editor panel-last-child\" data-index=\"14\" ><div\n\t\t\t\n\t\t\tclass=\"so-widget-sow-editor so-widget-sow-editor-base\"\n\t\t\t\n\t\t>\n<div class=\"siteorigin-widget-tinymce textwidget\">\n\t<h2 style=\"text-align: center;\"><span style=\"color: #000000;\"><a style=\"color: #000000;\" href=\"\/es\/miel-de-brezo\/\">Miel de Brezo<\/a><\/span><\/h2>\n<\/div>\n<\/div><\/div><\/div><div id=\"pgc-1243-2-3\"  class=\"panel-grid-cell\" ><div id=\"panel-1243-2-3-0\" class=\"so-panel widget widget_sow-image panel-first-child\" data-index=\"15\" ><div\n\t\t\t\n\t\t\tclass=\"so-widget-sow-image so-widget-sow-image-default-c67d20f9f743-1243\"\n\t\t\t\n\t\t>\n<div class=\"sow-image-container\">\n\t\t\t<a href=\"\/es\/miel-de-bosque\/\"\n\t\t\t\t\t>\n\t\t\t<img \n\tdata-src=\"https:\/\/www.rebostavilluis.com\/wp-content\/uploads\/2020\/02\/Mel-de-l_Avi-Llu\u00eds-gener-2020-Bosc-250g.jpg\" width=\"300\" height=\"300\" data-srcset=\"https:\/\/www.rebostavilluis.com\/wp-content\/uploads\/2020\/02\/Mel-de-l_Avi-Llu\u00eds-gener-2020-Bosc-250g.jpg 300w, https:\/\/www.rebostavilluis.com\/wp-content\/uploads\/2020\/02\/Mel-de-l_Avi-Llu\u00eds-gener-2020-Bosc-250g-150x150.jpg 150w, https:\/\/www.rebostavilluis.com\/wp-content\/uploads\/2020\/02\/Mel-de-l_Avi-Llu\u00eds-gener-2020-Bosc-250g-100x100.jpg 100w, https:\/\/www.rebostavilluis.com\/wp-content\/uploads\/2020\/02\/Mel-de-l_Avi-Llu\u00eds-gener-2020-Bosc-250g-32x32.jpg 32w\" data-sizes=\"(max-width: 300px) 100vw, 300px\" title=\"Miel de Bosque 250 gr Rebost Avi Llu\u00eds\" alt=\"Miel de Bosque\" \t\tclass=\"so-widget-image lazyload\" src=\"data:image\/svg+xml;base64,PHN2ZyB3aWR0aD0iMSIgaGVpZ2h0PSIxIiB4bWxucz0iaHR0cDovL3d3dy53My5vcmcvMjAwMC9zdmciPjwvc3ZnPg==\" style=\"--smush-placeholder-width: 300px; --smush-placeholder-aspect-ratio: 300\/300;\" \/>\n\t\t\t<\/a><\/div>\n\n<\/div><\/div><div id=\"panel-1243-2-3-1\" class=\"so-panel widget widget_sow-editor panel-last-child\" data-index=\"16\" ><div\n\t\t\t\n\t\t\tclass=\"so-widget-sow-editor so-widget-sow-editor-base\"\n\t\t\t\n\t\t>\n<div class=\"siteorigin-widget-tinymce textwidget\">\n\t<h2 style=\"text-align: center;\"><span style=\"color: #000000;\"><a style=\"color: #000000;\" href=\"\/es\/miel-de-bosque\/\">Miel de Bosque<\/a><\/span><\/h2>\n<\/div>\n<\/div><\/div><\/div><\/div><div id=\"pg-1243-3\"  class=\"panel-grid panel-no-style\" ><div id=\"pgc-1243-3-0\"  class=\"panel-grid-cell\" ><div id=\"panel-1243-3-0-0\" class=\"so-panel widget widget_sow-editor panel-first-child panel-last-child\" data-index=\"17\" ><div\n\t\t\t\n\t\t\tclass=\"so-widget-sow-editor so-widget-sow-editor-base\"\n\t\t\t\n\t\t>\n<div class=\"siteorigin-widget-tinymce textwidget\">\n\t<p><span style=\"color: #000000;\">Se entiende por miel el producto elaborado por las abejas a partir del n\u00e9ctar que ellas liban de las flores.<\/span><\/p>\n<p><span style=\"color: #000000;\">Las abejas elaboran la miel siguiendo este proceso:<\/span><\/p>\n<p><span style=\"color: #000000;\">El n\u00e9ctar de las flores se empieza a transformar en el es\u00f3fago de las abejas que a\u00f1aden al n\u00e9ctar enzimas propios. A continuaci\u00f3n depositan este n\u00e9ctar en los panales donde empieza el proceso de maduraci\u00f3n efectuado por las abejas durante la noche, con su aleteo provocan unas corrientes de aire que evaporan la humedad del n\u00e9ctar hasta llegar a un 18%, entonces proceden a opercular.<\/span><\/p>\n<h2><span style=\"color: #000000;\">Composici\u00f3n de la miel<\/span><\/h2>\n<p><span style=\"color: #000000;\"><strong>Composici\u00f3n media por 100g<\/strong><\/span><\/p>\n<table style=\"border-collapse: collapse; width: 25.3562%;\" border=\"1\">\n<tbody>\n<tr>\n<td style=\"width: 12.9891%;\">Agua<\/td>\n<td style=\"height: 22px; width: 12.2722%;\"><span style=\"color: #000000;\">17.20g<\/span><\/td>\n<\/tr>\n<tr>\n<td style=\"width: 12.9891%;\">Prote\u00ednas<\/td>\n<td style=\"height: 22px; width: 12.2722%;\"><span style=\"color: #000000;\">0.70g<\/span><\/td>\n<\/tr>\n<tr>\n<td style=\"width: 12.9891%;\">Hidratos de Carbono<\/td>\n<td style=\"height: 22px; width: 12.2722%;\"><span style=\"color: #000000;\">38.20g<\/span><\/td>\n<\/tr>\n<tr>\n<td style=\"width: 12.9891%;\">Fructosa<\/td>\n<td style=\"height: 22px; width: 12.2722%;\"><span style=\"color: #000000;\">38.20g<\/span><\/td>\n<\/tr>\n<tr>\n<td style=\"width: 12.9891%;\">Glucosa<\/td>\n<td style=\"height: 22px; width: 12.2722%;\"><span style=\"color: #000000;\">31.50g<\/span><\/td>\n<\/tr>\n<tr>\n<td style=\"width: 12.9891%;\">Maltosa<\/td>\n<td style=\"height: 22px; width: 12.2722%;\"><span style=\"color: #000000;\">7.31g<\/span><\/td>\n<\/tr>\n<tr>\n<td style=\"width: 12.9891%;\">Sacarosa<\/td>\n<td style=\"height: 22px; width: 12.2722%;\"><span style=\"color: #000000;\">1.31g<\/span><\/td>\n<\/tr>\n<tr>\n<td style=\"width: 12.9891%;\">Otros az\u00facares<\/td>\n<td style=\"height: 22px; width: 12.2722%;\"><span style=\"color: #000000;\">1.50g<\/span><\/td>\n<\/tr>\n<tr>\n<td style=\"width: 12.9891%;\">\u00c1cidos org\u00e1nicos<\/td>\n<td style=\"height: 22px; width: 12.2722%;\"><span style=\"color: #000000;\">0.57g<\/span><\/td>\n<\/tr>\n<\/tbody>\n<\/table>\n<h3><span style=\"color: #000000;\">C\u00f3mo se produce la miel<\/span><\/h3>\n<p><span style=\"color: #000000;\">El proceso de extracci\u00f3n de la miel lo hacemos de forma tradicional, tal como lo hac\u00edan nuestros antepasados, desoperculando las celdas y centrifugando los panales.<\/span><\/p>\n<h3><span style=\"color: #000000;\">Envasado de la miel<\/span><\/h3>\n<p><span style=\"color: #000000;\">A la hora de envasar la miel lo hacemos sin pasteurizar, dej\u00e1ndola decantar de forma natural y sin someterla a un calentamiento de m\u00e1s de 45\u00ba; de este modo\u00a0 preserva todas sus propiedades.<\/span><\/p>\n<p><span style=\"color: #000000;\">La cristalizaci\u00f3n de la miel es un proceso natural que garantiza que la miel no ha estado sometida a un excesivo calentamiento durante el envasado. Un calentamiento desmesurado de la miel provoca la p\u00e9rdida de sus propiedades. Si se prefiere l\u00edquida se puede calentar al ba\u00f1o mar\u00eda a 40\u00ba.<\/span><\/p>\n<p><span style=\"color: #000000;\">Gracias a la trashumancia que realizamos siguiendo las floraciones tenemos diferentes tipos de miel en nuestra cosecha. A continuaci\u00f3n exponemos el amplio abanico de tipos de miel de nuestras abejas, recogida de la forma m\u00e1s natural posible.<\/span><\/p>\n<h2><span style=\"color: #000000;\">Tipos de miel<\/span><\/h2>\n<p><span style=\"color: #000000;\">Disponemos de diferentes tipos de miel. Esto depende principalmente del origen floral del n\u00e9ctar de las abejas. Los principales tipos de miel de que disponemos son:<\/span><\/p>\n<ul>\n<li><span style=\"color: #000000;\"><a style=\"color: #000000;\" href=\"\/miel-de-romero\/\">Miel de Romero<\/a><\/span><\/li>\n<li><span style=\"color: #000000;\"><a style=\"color: #000000;\" href=\"\/miel-de-azahar\/\">Miel de Azahar<\/a><\/span><\/li>\n<li><span style=\"color: #000000;\"><a style=\"color: #000000;\" href=\"\/miel-de-brezo\/\">Miel de Brezo<\/a><\/span><\/li>\n<li><span style=\"color: #000000;\">Miel de Bosque<\/span><\/li>\n<li><span style=\"color: #000000;\"><a style=\"color: #000000;\" href=\"\/miel-de-tomillo\/\">Miel de Tomillo<\/a><\/span><\/li>\n<li><a href=\"https:\/\/www.rebostavilluis.com\/es\/miel-de-eucalipto\/\"><span style=\"color: #000000;\">Miel de Eucaliptus<\/span><\/a><\/li>\n<li><a href=\"https:\/\/www.rebostavilluis.com\/es\/miel-de-mil-flores\/\"><span style=\"color: #000000;\">Miel de Mil Flores<\/span><\/a><\/li>\n<li><span style=\"color: #000000;\">Miel de Alta Monta\u00f1a<\/span><\/li>\n<\/ul>\n<h2><span style=\"color: #000000;\">Tienda Online<\/span><\/h2>\n<p><span style=\"color: #000000;\">El Rebost de l\u2019Avi Llu\u00eds es una tienda regentada por una familia de apicultores en donde podr\u00e1s comprar nuestra miel, pura y artesana, directamente al apicultor y as\u00ed disfrutar de la m\u00e1xima calidad. Todo ello podr\u00e1s hacerlo c\u00f3modamente desde tu casa, con el ordenador, m\u00f3vil o tableta.<\/span><\/p>\n<\/div>\n<\/div><\/div><\/div><\/div><\/div>","protected":false},"excerpt":{"rendered":"<p>Variedad de Miel Miel de Romero Miel de Azahar Miel de Tomillo Miel de Mil Flores<\/p>\n","protected":false},"author":1,"featured_media":0,"parent":0,"menu_order":0,"comment_status":"closed","ping_status":"closed","template":"","meta":{"_joinchat":[],"footnotes":""},"class_list":{"0":"post-1243","1":"page","2":"type-page","3":"status-publish","5":"infinite-scroll-item"},"yoast_head":"<!-- This site is optimized with the Yoast SEO plugin v27.3 - https:\/\/yoast.com\/product\/yoast-seo-wordpress\/ -->\n<title>\u25b7 Comprar Miel Online<\/title>\n<meta name=\"description\" content=\"Comprar Miel Pura y Artesanal directamente al Apicultor y disfruta de la M\u00e1xima Calidad \u2705 \u00a1Descubre nuestras ofertas! env\u00edo 24-48h\" \/>\n<meta name=\"robots\" content=\"index, follow, max-snippet:-1, max-image-preview:large, max-video-preview:-1\" \/>\n<link rel=\"canonical\" href=\"https:\/\/www.rebostavilluis.com\/es\/comprar-miel\/\" \/>\n<meta property=\"og:locale\" content=\"es_ES\" \/>\n<meta property=\"og:type\" content=\"article\" \/>\n<meta property=\"og:title\" content=\"\u25b7 Comprar Miel Online\" \/>\n<meta property=\"og:description\" content=\"Comprar Miel Pura y Artesanal directamente al Apicultor y disfruta de la M\u00e1xima Calidad \u2705 \u00a1Descubre nuestras ofertas! env\u00edo 24-48h\" \/>\n<meta property=\"og:url\" content=\"https:\/\/www.rebostavilluis.com\/es\/comprar-miel\/\" \/>\n<meta property=\"og:site_name\" content=\"El Rebost de l&#039;Avi llu&iacute;s\" \/>\n<meta property=\"article:modified_time\" content=\"2023-08-30T09:02:41+00:00\" \/>\n<meta name=\"twitter:card\" content=\"summary_large_image\" \/>\n<meta name=\"twitter:label1\" content=\"Tiempo de lectura\" \/>\n\t<meta name=\"twitter:data1\" content=\"3 minutos\" \/>\n<script type=\"application\/ld+json\" class=\"yoast-schema-graph\">{\"@context\":\"https:\\\/\\\/schema.org\",\"@graph\":[{\"@type\":\"WebPage\",\"@id\":\"https:\\\/\\\/www.rebostavilluis.com\\\/es\\\/comprar-miel\\\/\",\"url\":\"https:\\\/\\\/www.rebostavilluis.com\\\/es\\\/comprar-miel\\\/\",\"name\":\"\u25b7 Comprar Miel Online\",\"isPartOf\":{\"@id\":\"https:\\\/\\\/www.rebostavilluis.com\\\/es\\\/#website\"},\"datePublished\":\"2018-12-28T00:54:35+00:00\",\"dateModified\":\"2023-08-30T09:02:41+00:00\",\"description\":\"Comprar Miel Pura y Artesanal directamente al Apicultor y disfruta de la M\u00e1xima Calidad \u2705 \u00a1Descubre nuestras ofertas! env\u00edo 24-48h\",\"breadcrumb\":{\"@id\":\"https:\\\/\\\/www.rebostavilluis.com\\\/es\\\/comprar-miel\\\/#breadcrumb\"},\"inLanguage\":\"es\",\"potentialAction\":[{\"@type\":\"ReadAction\",\"target\":[\"https:\\\/\\\/www.rebostavilluis.com\\\/es\\\/comprar-miel\\\/\"]}]},{\"@type\":\"BreadcrumbList\",\"@id\":\"https:\\\/\\\/www.rebostavilluis.com\\\/es\\\/comprar-miel\\\/#breadcrumb\",\"itemListElement\":[{\"@type\":\"ListItem\",\"position\":1,\"name\":\"Portada\",\"item\":\"https:\\\/\\\/www.rebostavilluis.com\\\/es\\\/\"},{\"@type\":\"ListItem\",\"position\":2,\"name\":\"Miel\"}]},{\"@type\":\"WebSite\",\"@id\":\"https:\\\/\\\/www.rebostavilluis.com\\\/es\\\/#website\",\"url\":\"https:\\\/\\\/www.rebostavilluis.com\\\/es\\\/\",\"name\":\"El Rebost de l'Avi llu&iacute;s\",\"description\":\"Mel del Perell&oacute;\",\"publisher\":{\"@id\":\"https:\\\/\\\/www.rebostavilluis.com\\\/es\\\/#organization\"},\"potentialAction\":[{\"@type\":\"SearchAction\",\"target\":{\"@type\":\"EntryPoint\",\"urlTemplate\":\"https:\\\/\\\/www.rebostavilluis.com\\\/es\\\/?s={search_term_string}\"},\"query-input\":{\"@type\":\"PropertyValueSpecification\",\"valueRequired\":true,\"valueName\":\"search_term_string\"}}],\"inLanguage\":\"es\"},{\"@type\":\"Organization\",\"@id\":\"https:\\\/\\\/www.rebostavilluis.com\\\/es\\\/#organization\",\"name\":\"El Rebost de l'Avi llu&iacute;s\",\"url\":\"https:\\\/\\\/www.rebostavilluis.com\\\/es\\\/\",\"logo\":{\"@type\":\"ImageObject\",\"inLanguage\":\"es\",\"@id\":\"https:\\\/\\\/www.rebostavilluis.com\\\/es\\\/#\\\/schema\\\/logo\\\/image\\\/\",\"url\":\"https:\\\/\\\/www.rebostavilluis.com\\\/wp-content\\\/uploads\\\/2021\\\/06\\\/logo.png\",\"contentUrl\":\"https:\\\/\\\/www.rebostavilluis.com\\\/wp-content\\\/uploads\\\/2021\\\/06\\\/logo.png\",\"width\":273,\"height\":74,\"caption\":\"El Rebost de l'Avi llu&iacute;s\"},\"image\":{\"@id\":\"https:\\\/\\\/www.rebostavilluis.com\\\/es\\\/#\\\/schema\\\/logo\\\/image\\\/\"}}]}<\/script>\n<!-- \/ Yoast SEO plugin. -->","yoast_head_json":{"title":"\u25b7 Comprar Miel Online","description":"Comprar Miel Pura y Artesanal directamente al Apicultor y disfruta de la M\u00e1xima Calidad \u2705 \u00a1Descubre nuestras ofertas! env\u00edo 24-48h","robots":{"index":"index","follow":"follow","max-snippet":"max-snippet:-1","max-image-preview":"max-image-preview:large","max-video-preview":"max-video-preview:-1"},"canonical":"https:\/\/www.rebostavilluis.com\/es\/comprar-miel\/","og_locale":"es_ES","og_type":"article","og_title":"\u25b7 Comprar Miel Online","og_description":"Comprar Miel Pura y Artesanal directamente al Apicultor y disfruta de la M\u00e1xima Calidad \u2705 \u00a1Descubre nuestras ofertas! env\u00edo 24-48h","og_url":"https:\/\/www.rebostavilluis.com\/es\/comprar-miel\/","og_site_name":"El Rebost de l'Avi llu&iacute;s","article_modified_time":"2023-08-30T09:02:41+00:00","twitter_card":"summary_large_image","twitter_misc":{"Tiempo de lectura":"3 minutos"},"schema":{"@context":"https:\/\/schema.org","@graph":[{"@type":"WebPage","@id":"https:\/\/www.rebostavilluis.com\/es\/comprar-miel\/","url":"https:\/\/www.rebostavilluis.com\/es\/comprar-miel\/","name":"\u25b7 Comprar Miel Online","isPartOf":{"@id":"https:\/\/www.rebostavilluis.com\/es\/#website"},"datePublished":"2018-12-28T00:54:35+00:00","dateModified":"2023-08-30T09:02:41+00:00","description":"Comprar Miel Pura y Artesanal directamente al Apicultor y disfruta de la M\u00e1xima Calidad \u2705 \u00a1Descubre nuestras ofertas! env\u00edo 24-48h","breadcrumb":{"@id":"https:\/\/www.rebostavilluis.com\/es\/comprar-miel\/#breadcrumb"},"inLanguage":"es","potentialAction":[{"@type":"ReadAction","target":["https:\/\/www.rebostavilluis.com\/es\/comprar-miel\/"]}]},{"@type":"BreadcrumbList","@id":"https:\/\/www.rebostavilluis.com\/es\/comprar-miel\/#breadcrumb","itemListElement":[{"@type":"ListItem","position":1,"name":"Portada","item":"https:\/\/www.rebostavilluis.com\/es\/"},{"@type":"ListItem","position":2,"name":"Miel"}]},{"@type":"WebSite","@id":"https:\/\/www.rebostavilluis.com\/es\/#website","url":"https:\/\/www.rebostavilluis.com\/es\/","name":"El Rebost de l'Avi llu&iacute;s","description":"Mel del Perell&oacute;","publisher":{"@id":"https:\/\/www.rebostavilluis.com\/es\/#organization"},"potentialAction":[{"@type":"SearchAction","target":{"@type":"EntryPoint","urlTemplate":"https:\/\/www.rebostavilluis.com\/es\/?s={search_term_string}"},"query-input":{"@type":"PropertyValueSpecification","valueRequired":true,"valueName":"search_term_string"}}],"inLanguage":"es"},{"@type":"Organization","@id":"https:\/\/www.rebostavilluis.com\/es\/#organization","name":"El Rebost de l'Avi llu&iacute;s","url":"https:\/\/www.rebostavilluis.com\/es\/","logo":{"@type":"ImageObject","inLanguage":"es","@id":"https:\/\/www.rebostavilluis.com\/es\/#\/schema\/logo\/image\/","url":"https:\/\/www.rebostavilluis.com\/wp-content\/uploads\/2021\/06\/logo.png","contentUrl":"https:\/\/www.rebostavilluis.com\/wp-content\/uploads\/2021\/06\/logo.png","width":273,"height":74,"caption":"El Rebost de l'Avi llu&iacute;s"},"image":{"@id":"https:\/\/www.rebostavilluis.com\/es\/#\/schema\/logo\/image\/"}}]}},"_links":{"self":[{"href":"https:\/\/www.rebostavilluis.com\/es\/wp-json\/wp\/v2\/pages\/1243","targetHints":{"allow":["GET"]}}],"collection":[{"href":"https:\/\/www.rebostavilluis.com\/es\/wp-json\/wp\/v2\/pages"}],"about":[{"href":"https:\/\/www.rebostavilluis.com\/es\/wp-json\/wp\/v2\/types\/page"}],"author":[{"embeddable":true,"href":"https:\/\/www.rebostavilluis.com\/es\/wp-json\/wp\/v2\/users\/1"}],"replies":[{"embeddable":true,"href":"https:\/\/www.rebostavilluis.com\/es\/wp-json\/wp\/v2\/comments?post=1243"}],"version-history":[{"count":31,"href":"https:\/\/www.rebostavilluis.com\/es\/wp-json\/wp\/v2\/pages\/1243\/revisions"}],"predecessor-version":[{"id":12700,"href":"https:\/\/www.rebostavilluis.com\/es\/wp-json\/wp\/v2\/pages\/1243\/revisions\/12700"}],"wp:attachment":[{"href":"https:\/\/www.rebostavilluis.com\/es\/wp-json\/wp\/v2\/media?parent=1243"}],"curies":[{"name":"wp","href":"https:\/\/api.w.org\/{rel}","templated":true}]}}