{"id":1268,"date":"2018-12-28T10:48:08","date_gmt":"2018-12-28T09:48:08","guid":{"rendered":"https:\/\/www.rebostavilluis.com\/miel\/miel-de-tomillo\/"},"modified":"2025-09-04T11:01:16","modified_gmt":"2025-09-04T09:01:16","slug":"miel-de-tomillo","status":"publish","type":"page","link":"https:\/\/www.rebostavilluis.com\/es\/comprar-miel\/miel-de-tomillo\/","title":{"rendered":"Miel de Tomillo"},"content":{"rendered":"<h1><span style=\"color: #000000;\">Miel de Tomillo<\/span><\/h1>\n<h3><span style=\"color: #000000;\"><a style=\"color: #000000;\" href=\"#ancla1\"><strong>Caracter\u00edsticas de la miel de tomillo<\/strong><\/a><\/span><\/h3>\n<p><span style=\"color: #000000;\"><div class=\"woocommerce columns-4 \"><ul class=\"products columns-4\">\n<li class=\"infinite-scroll-item sales-flash-overlay woocommerce-text-align-center woocommerce-image-align-center do-quantity-buttons product type-product post-2845 status-publish first instock product_cat-miel product_cat-miel-de-tomillo has-post-thumbnail purchasable product-type-simple\">\n\t<a href=\"https:\/\/www.rebostavilluis.com\/es\/comprar\/miel-de-tomillo-50gr\/\" class=\"woocommerce-LoopProduct-link woocommerce-loop-product__link\"><img decoding=\"async\" width=\"300\" height=\"300\" data-src=\"https:\/\/www.rebostavilluis.com\/wp-content\/uploads\/2019\/01\/Mel-de-lAvi-Llu\u00eds-gener-2020-Farigola-50g.jpg\" class=\"attachment-woocommerce_thumbnail size-woocommerce_thumbnail lazyload\" alt=\"Tomillo\" data-srcset=\"https:\/\/www.rebostavilluis.com\/wp-content\/uploads\/2019\/01\/Mel-de-lAvi-Llu\u00eds-gener-2020-Farigola-50g.jpg 300w, https:\/\/www.rebostavilluis.com\/wp-content\/uploads\/2019\/01\/Mel-de-lAvi-Llu\u00eds-gener-2020-Farigola-50g-150x150.jpg 150w, https:\/\/www.rebostavilluis.com\/wp-content\/uploads\/2019\/01\/Mel-de-lAvi-Llu\u00eds-gener-2020-Farigola-50g-100x100.jpg 100w, https:\/\/www.rebostavilluis.com\/wp-content\/uploads\/2019\/01\/Mel-de-lAvi-Llu\u00eds-gener-2020-Farigola-50g-32x32.jpg 32w\" data-sizes=\"(max-width: 300px) 100vw, 300px\" src=\"data:image\/svg+xml;base64,PHN2ZyB3aWR0aD0iMSIgaGVpZ2h0PSIxIiB4bWxucz0iaHR0cDovL3d3dy53My5vcmcvMjAwMC9zdmciPjwvc3ZnPg==\" style=\"--smush-placeholder-width: 300px; --smush-placeholder-aspect-ratio: 300\/300;\" \/><h2 class=\"woocommerce-loop-product__title\">Miel de Tomillo 50gr.<\/h2>\n\t<span class=\"price\"><span class=\"woocommerce-Price-amount amount\"><bdi>2,05<span class=\"woocommerce-Price-currencySymbol\">&euro;<\/span><\/bdi><\/span><\/span>\n<\/a><a href=\"\/es\/wp-json\/wp\/v2\/pages\/1268?add-to-cart=2845\" aria-describedby=\"woocommerce_loop_add_to_cart_link_describedby_2845\" data-quantity=\"1\" class=\"button product_type_simple add_to_cart_button ajax_add_to_cart\" data-product_id=\"2845\" data-product_sku=\"10502\" aria-label=\"A\u00f1adir al carrito: &ldquo;Miel de Tomillo 50gr.&rdquo;\" rel=\"nofollow\" data-success_message=\"\u00abMiel de Tomillo 50gr.\u00bb se ha a\u00f1adido a tu carrito\" role=\"button\">A\u00f1adir al carrito<\/a>\t<span id=\"woocommerce_loop_add_to_cart_link_describedby_2845\" class=\"screen-reader-text\">\n\t\t\t<\/span>\n<\/li>\n<li class=\"infinite-scroll-item sales-flash-overlay woocommerce-text-align-center woocommerce-image-align-center do-quantity-buttons product type-product post-2854 status-publish instock product_cat-miel product_cat-miel-de-tomillo has-post-thumbnail purchasable product-type-simple\">\n\t<a href=\"https:\/\/www.rebostavilluis.com\/es\/comprar\/miel-de-tomillo-300-gr\/\" class=\"woocommerce-LoopProduct-link woocommerce-loop-product__link\"><img decoding=\"async\" width=\"300\" height=\"300\" data-src=\"https:\/\/www.rebostavilluis.com\/wp-content\/uploads\/2019\/01\/Mel-de-lAvi-Llu\u00eds-gener-2020-Farigola-250g.jpg\" class=\"attachment-woocommerce_thumbnail size-woocommerce_thumbnail lazyload\" alt=\"Tomillo\" data-srcset=\"https:\/\/www.rebostavilluis.com\/wp-content\/uploads\/2019\/01\/Mel-de-lAvi-Llu\u00eds-gener-2020-Farigola-250g.jpg 300w, https:\/\/www.rebostavilluis.com\/wp-content\/uploads\/2019\/01\/Mel-de-lAvi-Llu\u00eds-gener-2020-Farigola-250g-150x150.jpg 150w, https:\/\/www.rebostavilluis.com\/wp-content\/uploads\/2019\/01\/Mel-de-lAvi-Llu\u00eds-gener-2020-Farigola-250g-100x100.jpg 100w, https:\/\/www.rebostavilluis.com\/wp-content\/uploads\/2019\/01\/Mel-de-lAvi-Llu\u00eds-gener-2020-Farigola-250g-32x32.jpg 32w\" data-sizes=\"(max-width: 300px) 100vw, 300px\" src=\"data:image\/svg+xml;base64,PHN2ZyB3aWR0aD0iMSIgaGVpZ2h0PSIxIiB4bWxucz0iaHR0cDovL3d3dy53My5vcmcvMjAwMC9zdmciPjwvc3ZnPg==\" style=\"--smush-placeholder-width: 300px; --smush-placeholder-aspect-ratio: 300\/300;\" \/><h2 class=\"woocommerce-loop-product__title\">Miel de Tomillo 250gr.<\/h2>\n\t<span class=\"price\"><span class=\"woocommerce-Price-amount amount\"><bdi>4,15<span class=\"woocommerce-Price-currencySymbol\">&euro;<\/span><\/bdi><\/span><\/span>\n<\/a><a href=\"\/es\/wp-json\/wp\/v2\/pages\/1268?add-to-cart=2854\" aria-describedby=\"woocommerce_loop_add_to_cart_link_describedby_2854\" data-quantity=\"1\" class=\"button product_type_simple add_to_cart_button ajax_add_to_cart\" data-product_id=\"2854\" data-product_sku=\"10526\" aria-label=\"A\u00f1adir al carrito: &ldquo;Miel de Tomillo 250gr.&rdquo;\" rel=\"nofollow\" data-success_message=\"\u00abMiel de Tomillo 250gr.\u00bb se ha a\u00f1adido a tu carrito\" role=\"button\">A\u00f1adir al carrito<\/a>\t<span id=\"woocommerce_loop_add_to_cart_link_describedby_2854\" class=\"screen-reader-text\">\n\t\t\t<\/span>\n<\/li>\n<li class=\"infinite-scroll-item sales-flash-overlay woocommerce-text-align-center woocommerce-image-align-center do-quantity-buttons product type-product post-2853 status-publish instock product_cat-miel product_cat-miel-de-tomillo has-post-thumbnail purchasable product-type-simple\">\n\t<a href=\"https:\/\/www.rebostavilluis.com\/es\/comprar\/miel-de-tomillo-antigoteo-250gr\/\" class=\"woocommerce-LoopProduct-link woocommerce-loop-product__link\"><img decoding=\"async\" width=\"300\" height=\"300\" data-src=\"https:\/\/www.rebostavilluis.com\/wp-content\/uploads\/2019\/01\/Mel-de-lAvi-Llu\u00eds-gener-2020-Farigola-dosificador-250g.jpg\" class=\"attachment-woocommerce_thumbnail size-woocommerce_thumbnail lazyload\" alt=\"Tomillo\" data-srcset=\"https:\/\/www.rebostavilluis.com\/wp-content\/uploads\/2019\/01\/Mel-de-lAvi-Llu\u00eds-gener-2020-Farigola-dosificador-250g.jpg 300w, https:\/\/www.rebostavilluis.com\/wp-content\/uploads\/2019\/01\/Mel-de-lAvi-Llu\u00eds-gener-2020-Farigola-dosificador-250g-150x150.jpg 150w, https:\/\/www.rebostavilluis.com\/wp-content\/uploads\/2019\/01\/Mel-de-lAvi-Llu\u00eds-gener-2020-Farigola-dosificador-250g-100x100.jpg 100w, https:\/\/www.rebostavilluis.com\/wp-content\/uploads\/2019\/01\/Mel-de-lAvi-Llu\u00eds-gener-2020-Farigola-dosificador-250g-32x32.jpg 32w\" data-sizes=\"(max-width: 300px) 100vw, 300px\" src=\"data:image\/svg+xml;base64,PHN2ZyB3aWR0aD0iMSIgaGVpZ2h0PSIxIiB4bWxucz0iaHR0cDovL3d3dy53My5vcmcvMjAwMC9zdmciPjwvc3ZnPg==\" style=\"--smush-placeholder-width: 300px; --smush-placeholder-aspect-ratio: 300\/300;\" \/><h2 class=\"woocommerce-loop-product__title\">Miel de Tomillo &#8211; Antigoteo 250gr.<\/h2>\n\t<span class=\"price\"><span class=\"woocommerce-Price-amount amount\"><bdi>4,90<span class=\"woocommerce-Price-currencySymbol\">&euro;<\/span><\/bdi><\/span><\/span>\n<\/a><a href=\"\/es\/wp-json\/wp\/v2\/pages\/1268?add-to-cart=2853\" aria-describedby=\"woocommerce_loop_add_to_cart_link_describedby_2853\" data-quantity=\"1\" class=\"button product_type_simple add_to_cart_button ajax_add_to_cart\" data-product_id=\"2853\" data-product_sku=\"10522\" aria-label=\"A\u00f1adir al carrito: &ldquo;Miel de Tomillo - Antigoteo 250gr.&rdquo;\" rel=\"nofollow\" data-success_message=\"\u00abMiel de Tomillo - Antigoteo 250gr.\u00bb se ha a\u00f1adido a tu carrito\" role=\"button\">A\u00f1adir al carrito<\/a>\t<span id=\"woocommerce_loop_add_to_cart_link_describedby_2853\" class=\"screen-reader-text\">\n\t\t\t<\/span>\n<\/li>\n<li class=\"infinite-scroll-item sales-flash-overlay woocommerce-text-align-center woocommerce-image-align-center do-quantity-buttons product type-product post-2846 status-publish last instock product_cat-miel product_cat-miel-de-tomillo has-post-thumbnail purchasable product-type-simple\">\n\t<a href=\"https:\/\/www.rebostavilluis.com\/es\/comprar\/miel-de-tomillo-490-gr\/\" class=\"woocommerce-LoopProduct-link woocommerce-loop-product__link\"><img decoding=\"async\" width=\"300\" height=\"300\" data-src=\"https:\/\/www.rebostavilluis.com\/wp-content\/uploads\/2019\/01\/Mel-de-lAvi-Llu\u00eds-gener-2020-Farigola-500g.jpg\" class=\"attachment-woocommerce_thumbnail size-woocommerce_thumbnail lazyload\" alt=\"Farigola\" data-srcset=\"https:\/\/www.rebostavilluis.com\/wp-content\/uploads\/2019\/01\/Mel-de-lAvi-Llu\u00eds-gener-2020-Farigola-500g.jpg 300w, https:\/\/www.rebostavilluis.com\/wp-content\/uploads\/2019\/01\/Mel-de-lAvi-Llu\u00eds-gener-2020-Farigola-500g-150x150.jpg 150w, https:\/\/www.rebostavilluis.com\/wp-content\/uploads\/2019\/01\/Mel-de-lAvi-Llu\u00eds-gener-2020-Farigola-500g-100x100.jpg 100w, https:\/\/www.rebostavilluis.com\/wp-content\/uploads\/2019\/01\/Mel-de-lAvi-Llu\u00eds-gener-2020-Farigola-500g-32x32.jpg 32w\" data-sizes=\"(max-width: 300px) 100vw, 300px\" src=\"data:image\/svg+xml;base64,PHN2ZyB3aWR0aD0iMSIgaGVpZ2h0PSIxIiB4bWxucz0iaHR0cDovL3d3dy53My5vcmcvMjAwMC9zdmciPjwvc3ZnPg==\" style=\"--smush-placeholder-width: 300px; --smush-placeholder-aspect-ratio: 300\/300;\" \/><h2 class=\"woocommerce-loop-product__title\">Miel de Tomillo 490gr.<\/h2>\n\t<span class=\"price\"><span class=\"woocommerce-Price-amount amount\"><bdi>5,80<span class=\"woocommerce-Price-currencySymbol\">&euro;<\/span><\/bdi><\/span><\/span>\n<\/a><a href=\"\/es\/wp-json\/wp\/v2\/pages\/1268?add-to-cart=2846\" aria-describedby=\"woocommerce_loop_add_to_cart_link_describedby_2846\" data-quantity=\"1\" class=\"button product_type_simple add_to_cart_button ajax_add_to_cart\" data-product_id=\"2846\" data-product_sku=\"10505\" aria-label=\"A\u00f1adir al carrito: &ldquo;Miel de Tomillo 490gr.&rdquo;\" rel=\"nofollow\" data-success_message=\"\u00abMiel de Tomillo 490gr.\u00bb se ha a\u00f1adido a tu carrito\" role=\"button\">A\u00f1adir al carrito<\/a>\t<span id=\"woocommerce_loop_add_to_cart_link_describedby_2846\" class=\"screen-reader-text\">\n\t\t\t<\/span>\n<\/li>\n<li class=\"infinite-scroll-item sales-flash-overlay woocommerce-text-align-center woocommerce-image-align-center do-quantity-buttons product type-product post-2852 status-publish first instock product_cat-miel product_cat-miel-de-tomillo has-post-thumbnail purchasable product-type-simple\">\n\t<a href=\"https:\/\/www.rebostavilluis.com\/es\/comprar\/miel-de-tomillo-antigoteo-500gr\/\" class=\"woocommerce-LoopProduct-link woocommerce-loop-product__link\"><img decoding=\"async\" width=\"300\" height=\"300\" data-src=\"https:\/\/www.rebostavilluis.com\/wp-content\/uploads\/2019\/01\/Mel-de-lAvi-Llu\u00eds-gener-2020-Farigola-dosificador-500g.jpg\" class=\"attachment-woocommerce_thumbnail size-woocommerce_thumbnail lazyload\" alt=\"Tomillo\" data-srcset=\"https:\/\/www.rebostavilluis.com\/wp-content\/uploads\/2019\/01\/Mel-de-lAvi-Llu\u00eds-gener-2020-Farigola-dosificador-500g.jpg 300w, https:\/\/www.rebostavilluis.com\/wp-content\/uploads\/2019\/01\/Mel-de-lAvi-Llu\u00eds-gener-2020-Farigola-dosificador-500g-150x150.jpg 150w, https:\/\/www.rebostavilluis.com\/wp-content\/uploads\/2019\/01\/Mel-de-lAvi-Llu\u00eds-gener-2020-Farigola-dosificador-500g-100x100.jpg 100w, https:\/\/www.rebostavilluis.com\/wp-content\/uploads\/2019\/01\/Mel-de-lAvi-Llu\u00eds-gener-2020-Farigola-dosificador-500g-32x32.jpg 32w\" data-sizes=\"(max-width: 300px) 100vw, 300px\" src=\"data:image\/svg+xml;base64,PHN2ZyB3aWR0aD0iMSIgaGVpZ2h0PSIxIiB4bWxucz0iaHR0cDovL3d3dy53My5vcmcvMjAwMC9zdmciPjwvc3ZnPg==\" style=\"--smush-placeholder-width: 300px; --smush-placeholder-aspect-ratio: 300\/300;\" \/><h2 class=\"woocommerce-loop-product__title\">Miel de Tomillo &#8211; Antigoteo 500gr.<\/h2>\n\t<span class=\"price\"><span class=\"woocommerce-Price-amount amount\"><bdi>6,75<span class=\"woocommerce-Price-currencySymbol\">&euro;<\/span><\/bdi><\/span><\/span>\n<\/a><a href=\"\/es\/wp-json\/wp\/v2\/pages\/1268?add-to-cart=2852\" aria-describedby=\"woocommerce_loop_add_to_cart_link_describedby_2852\" data-quantity=\"1\" class=\"button product_type_simple add_to_cart_button ajax_add_to_cart\" data-product_id=\"2852\" data-product_sku=\"10521\" aria-label=\"A\u00f1adir al carrito: &ldquo;Miel de Tomillo - Antigoteo 500gr.&rdquo;\" rel=\"nofollow\" data-success_message=\"\u00abMiel de Tomillo - Antigoteo 500gr.\u00bb se ha a\u00f1adido a tu carrito\" role=\"button\">A\u00f1adir al carrito<\/a>\t<span id=\"woocommerce_loop_add_to_cart_link_describedby_2852\" class=\"screen-reader-text\">\n\t\t\t<\/span>\n<\/li>\n<li class=\"infinite-scroll-item sales-flash-overlay woocommerce-text-align-center woocommerce-image-align-center do-quantity-buttons product type-product post-2847 status-publish instock product_cat-miel product_cat-miel-de-tomillo has-post-thumbnail purchasable product-type-simple\">\n\t<a href=\"https:\/\/www.rebostavilluis.com\/es\/comprar\/miel-de-tomillo-970-gr\/\" class=\"woocommerce-LoopProduct-link woocommerce-loop-product__link\"><img decoding=\"async\" width=\"300\" height=\"300\" data-src=\"https:\/\/www.rebostavilluis.com\/wp-content\/uploads\/2019\/01\/Mel-de-lAvi-Llu\u00eds-gener-2020-Farigola-1000g.jpg\" class=\"attachment-woocommerce_thumbnail size-woocommerce_thumbnail lazyload\" alt=\"Tomillo\" data-srcset=\"https:\/\/www.rebostavilluis.com\/wp-content\/uploads\/2019\/01\/Mel-de-lAvi-Llu\u00eds-gener-2020-Farigola-1000g.jpg 300w, https:\/\/www.rebostavilluis.com\/wp-content\/uploads\/2019\/01\/Mel-de-lAvi-Llu\u00eds-gener-2020-Farigola-1000g-150x150.jpg 150w, https:\/\/www.rebostavilluis.com\/wp-content\/uploads\/2019\/01\/Mel-de-lAvi-Llu\u00eds-gener-2020-Farigola-1000g-100x100.jpg 100w, https:\/\/www.rebostavilluis.com\/wp-content\/uploads\/2019\/01\/Mel-de-lAvi-Llu\u00eds-gener-2020-Farigola-1000g-32x32.jpg 32w\" data-sizes=\"(max-width: 300px) 100vw, 300px\" src=\"data:image\/svg+xml;base64,PHN2ZyB3aWR0aD0iMSIgaGVpZ2h0PSIxIiB4bWxucz0iaHR0cDovL3d3dy53My5vcmcvMjAwMC9zdmciPjwvc3ZnPg==\" style=\"--smush-placeholder-width: 300px; --smush-placeholder-aspect-ratio: 300\/300;\" \/><h2 class=\"woocommerce-loop-product__title\">Miel de Tomillo 970gr.<\/h2>\n\t<span class=\"price\"><span class=\"woocommerce-Price-amount amount\"><bdi>10,90<span class=\"woocommerce-Price-currencySymbol\">&euro;<\/span><\/bdi><\/span><\/span>\n<\/a><a href=\"\/es\/wp-json\/wp\/v2\/pages\/1268?add-to-cart=2847\" aria-describedby=\"woocommerce_loop_add_to_cart_link_describedby_2847\" data-quantity=\"1\" class=\"button product_type_simple add_to_cart_button ajax_add_to_cart\" data-product_id=\"2847\" data-product_sku=\"10507\" aria-label=\"A\u00f1adir al carrito: &ldquo;Miel de Tomillo 970gr.&rdquo;\" rel=\"nofollow\" data-success_message=\"\u00abMiel de Tomillo 970gr.\u00bb se ha a\u00f1adido a tu carrito\" role=\"button\">A\u00f1adir al carrito<\/a>\t<span id=\"woocommerce_loop_add_to_cart_link_describedby_2847\" class=\"screen-reader-text\">\n\t\t\t<\/span>\n<\/li>\n<li class=\"infinite-scroll-item sales-flash-overlay woocommerce-text-align-center woocommerce-image-align-center do-quantity-buttons product type-product post-2848 status-publish instock product_cat-miel product_cat-miel-de-tomillo has-post-thumbnail purchasable product-type-simple\">\n\t<a href=\"https:\/\/www.rebostavilluis.com\/es\/comprar\/miel-de-tomillo-2000-gr\/\" class=\"woocommerce-LoopProduct-link woocommerce-loop-product__link\"><img decoding=\"async\" width=\"300\" height=\"300\" data-src=\"https:\/\/www.rebostavilluis.com\/wp-content\/uploads\/2019\/01\/Mel-de-lAvi-Llu\u00eds-gener-2020-Farigola-2000g-e1692199374224.jpg\" class=\"attachment-woocommerce_thumbnail size-woocommerce_thumbnail lazyload\" alt=\"Tomillo\" src=\"data:image\/svg+xml;base64,PHN2ZyB3aWR0aD0iMSIgaGVpZ2h0PSIxIiB4bWxucz0iaHR0cDovL3d3dy53My5vcmcvMjAwMC9zdmciPjwvc3ZnPg==\" style=\"--smush-placeholder-width: 300px; --smush-placeholder-aspect-ratio: 300\/300;\" \/><h2 class=\"woocommerce-loop-product__title\">Miel de Tomillo 2000gr.<\/h2>\n\t<span class=\"price\"><span class=\"woocommerce-Price-amount amount\"><bdi>20,30<span class=\"woocommerce-Price-currencySymbol\">&euro;<\/span><\/bdi><\/span><\/span>\n<\/a><a href=\"\/es\/wp-json\/wp\/v2\/pages\/1268?add-to-cart=2848\" aria-describedby=\"woocommerce_loop_add_to_cart_link_describedby_2848\" data-quantity=\"1\" class=\"button product_type_simple add_to_cart_button ajax_add_to_cart\" data-product_id=\"2848\" data-product_sku=\"10509\" aria-label=\"A\u00f1adir al carrito: &ldquo;Miel de Tomillo 2000gr.&rdquo;\" rel=\"nofollow\" data-success_message=\"\u00abMiel de Tomillo 2000gr.\u00bb se ha a\u00f1adido a tu carrito\" role=\"button\">A\u00f1adir al carrito<\/a>\t<span id=\"woocommerce_loop_add_to_cart_link_describedby_2848\" class=\"screen-reader-text\">\n\t\t\t<\/span>\n<\/li>\n<li class=\"infinite-scroll-item sales-flash-overlay woocommerce-text-align-center woocommerce-image-align-center do-quantity-buttons product type-product post-2849 status-publish last instock product_cat-miel product_cat-miel-de-tomillo has-post-thumbnail purchasable product-type-simple\">\n\t<a href=\"https:\/\/www.rebostavilluis.com\/es\/comprar\/miel-de-tomillo-3000-gr\/\" class=\"woocommerce-LoopProduct-link woocommerce-loop-product__link\"><img decoding=\"async\" width=\"300\" height=\"300\" data-src=\"https:\/\/www.rebostavilluis.com\/wp-content\/uploads\/2019\/01\/Mel-de-lAvi-Llu\u00eds-gener-2020-Farigola-3000g.jpg\" class=\"attachment-woocommerce_thumbnail size-woocommerce_thumbnail lazyload\" alt=\"Tomillo\" data-srcset=\"https:\/\/www.rebostavilluis.com\/wp-content\/uploads\/2019\/01\/Mel-de-lAvi-Llu\u00eds-gener-2020-Farigola-3000g.jpg 300w, https:\/\/www.rebostavilluis.com\/wp-content\/uploads\/2019\/01\/Mel-de-lAvi-Llu\u00eds-gener-2020-Farigola-3000g-150x150.jpg 150w, https:\/\/www.rebostavilluis.com\/wp-content\/uploads\/2019\/01\/Mel-de-lAvi-Llu\u00eds-gener-2020-Farigola-3000g-100x100.jpg 100w, https:\/\/www.rebostavilluis.com\/wp-content\/uploads\/2019\/01\/Mel-de-lAvi-Llu\u00eds-gener-2020-Farigola-3000g-32x32.jpg 32w\" data-sizes=\"(max-width: 300px) 100vw, 300px\" src=\"data:image\/svg+xml;base64,PHN2ZyB3aWR0aD0iMSIgaGVpZ2h0PSIxIiB4bWxucz0iaHR0cDovL3d3dy53My5vcmcvMjAwMC9zdmciPjwvc3ZnPg==\" style=\"--smush-placeholder-width: 300px; --smush-placeholder-aspect-ratio: 300\/300;\" \/><h2 class=\"woocommerce-loop-product__title\">Miel de Tomillo 3000gr.<\/h2>\n\t<span class=\"price\"><span class=\"woocommerce-Price-amount amount\"><bdi>29,80<span class=\"woocommerce-Price-currencySymbol\">&euro;<\/span><\/bdi><\/span><\/span>\n<\/a><a href=\"\/es\/wp-json\/wp\/v2\/pages\/1268?add-to-cart=2849\" aria-describedby=\"woocommerce_loop_add_to_cart_link_describedby_2849\" data-quantity=\"1\" class=\"button product_type_simple add_to_cart_button ajax_add_to_cart\" data-product_id=\"2849\" data-product_sku=\"10510\" aria-label=\"A\u00f1adir al carrito: &ldquo;Miel de Tomillo 3000gr.&rdquo;\" rel=\"nofollow\" data-success_message=\"\u00abMiel de Tomillo 3000gr.\u00bb se ha a\u00f1adido a tu carrito\" role=\"button\">A\u00f1adir al carrito<\/a>\t<span id=\"woocommerce_loop_add_to_cart_link_describedby_2849\" class=\"screen-reader-text\">\n\t\t\t<\/span>\n<\/li>\n<li class=\"infinite-scroll-item sales-flash-overlay woocommerce-text-align-center woocommerce-image-align-center do-quantity-buttons product type-product post-2850 status-publish first instock product_cat-miel product_cat-miel-de-tomillo has-post-thumbnail purchasable product-type-simple\">\n\t<a href=\"https:\/\/www.rebostavilluis.com\/es\/comprar\/miel-de-tomillo-5250-gr\/\" class=\"woocommerce-LoopProduct-link woocommerce-loop-product__link\"><img decoding=\"async\" width=\"300\" height=\"300\" data-src=\"https:\/\/www.rebostavilluis.com\/wp-content\/uploads\/2019\/01\/Mel-de-lAvi-Llu\u00eds-gener-2020-Farigola-2000g-e1692199374224.jpg\" class=\"attachment-woocommerce_thumbnail size-woocommerce_thumbnail lazyload\" alt=\"Tomillo\" src=\"data:image\/svg+xml;base64,PHN2ZyB3aWR0aD0iMSIgaGVpZ2h0PSIxIiB4bWxucz0iaHR0cDovL3d3dy53My5vcmcvMjAwMC9zdmciPjwvc3ZnPg==\" style=\"--smush-placeholder-width: 300px; --smush-placeholder-aspect-ratio: 300\/300;\" \/><h2 class=\"woocommerce-loop-product__title\">Miel de Tomillo 5250gr.<\/h2>\n\t<span class=\"price\"><span class=\"woocommerce-Price-amount amount\"><bdi>51,45<span class=\"woocommerce-Price-currencySymbol\">&euro;<\/span><\/bdi><\/span><\/span>\n<\/a><a href=\"\/es\/wp-json\/wp\/v2\/pages\/1268?add-to-cart=2850\" aria-describedby=\"woocommerce_loop_add_to_cart_link_describedby_2850\" data-quantity=\"1\" class=\"button product_type_simple add_to_cart_button ajax_add_to_cart\" data-product_id=\"2850\" data-product_sku=\"10511\" aria-label=\"A\u00f1adir al carrito: &ldquo;Miel de Tomillo 5250gr.&rdquo;\" rel=\"nofollow\" data-success_message=\"\u00abMiel de Tomillo 5250gr.\u00bb se ha a\u00f1adido a tu carrito\" role=\"button\">A\u00f1adir al carrito<\/a>\t<span id=\"woocommerce_loop_add_to_cart_link_describedby_2850\" class=\"screen-reader-text\">\n\t\t\t<\/span>\n<\/li>\n<\/ul>\n<\/div><\/span><\/p>\n<h2><span style=\"color: #000000;\"><a id=\"ancla1\" style=\"color: #000000;\" href=\"https:\/\/drive.google.com\/file\/d\/1d6cSMB7JKluhjMVsyicuit2zZRcHPwnc\/view?usp=drive_link\">FICHA T\u00c9CNICA<\/a><\/span><\/h2>\n<p><span style=\"color: #000000;\">Es producida por el n\u00e9ctar procedente de la flor del tomillo. Tiene un color \u00e1mbar oscuro tirando a rojizo, su gusto es dulce y suave con claras notas \u00e1cidas, con un aroma muy intenso y persistente.<\/span><\/p>\n<h2><\/h2>\n<div id='gallery-1' class='gallery galleryid-1268 gallery-columns-3 gallery-size-large'><figure class='gallery-item'>\n\t\t\t<div class='gallery-icon landscape'>\n\t\t\t\t<a href='https:\/\/www.rebostavilluis.com\/es\/comprar-miel\/miel-de-tomillo\/tomillo-rebost-avi-lluis-1\/#main'><img decoding=\"async\" width=\"1024\" height=\"768\" data-src=\"https:\/\/www.rebostavilluis.com\/wp-content\/uploads\/2020\/03\/Tomillo-Rebost-Avi-Llu\u00eds-1-1024x768.jpg\" class=\"attachment-large size-large lazyload\" alt=\"\" data-srcset=\"https:\/\/www.rebostavilluis.com\/wp-content\/uploads\/2020\/03\/Tomillo-Rebost-Avi-Llu\u00eds-1-1024x768.jpg 1024w, https:\/\/www.rebostavilluis.com\/wp-content\/uploads\/2020\/03\/Tomillo-Rebost-Avi-Llu\u00eds-1-300x225.jpg 300w, https:\/\/www.rebostavilluis.com\/wp-content\/uploads\/2020\/03\/Tomillo-Rebost-Avi-Llu\u00eds-1-768x576.jpg 768w, https:\/\/www.rebostavilluis.com\/wp-content\/uploads\/2020\/03\/Tomillo-Rebost-Avi-Llu\u00eds-1-600x450.jpg 600w, https:\/\/www.rebostavilluis.com\/wp-content\/uploads\/2020\/03\/Tomillo-Rebost-Avi-Llu\u00eds-1.jpg 1134w\" data-sizes=\"(max-width: 1024px) 100vw, 1024px\" src=\"data:image\/svg+xml;base64,PHN2ZyB3aWR0aD0iMSIgaGVpZ2h0PSIxIiB4bWxucz0iaHR0cDovL3d3dy53My5vcmcvMjAwMC9zdmciPjwvc3ZnPg==\" style=\"--smush-placeholder-width: 1024px; --smush-placeholder-aspect-ratio: 1024\/768;\" \/><\/a>\n\t\t\t<\/div><\/figure><figure class='gallery-item'>\n\t\t\t<div class='gallery-icon landscape'>\n\t\t\t\t<a href='https:\/\/www.rebostavilluis.com\/es\/comprar-miel\/miel-de-tomillo\/tomillo-rebost-avi-lluis-2\/#main'><img decoding=\"async\" width=\"1024\" height=\"768\" data-src=\"https:\/\/www.rebostavilluis.com\/wp-content\/uploads\/2020\/03\/Tomillo-Rebost-Avi-Llu\u00eds-2-1024x768.jpg\" class=\"attachment-large size-large lazyload\" alt=\"\" data-srcset=\"https:\/\/www.rebostavilluis.com\/wp-content\/uploads\/2020\/03\/Tomillo-Rebost-Avi-Llu\u00eds-2-1024x768.jpg 1024w, https:\/\/www.rebostavilluis.com\/wp-content\/uploads\/2020\/03\/Tomillo-Rebost-Avi-Llu\u00eds-2-300x225.jpg 300w, https:\/\/www.rebostavilluis.com\/wp-content\/uploads\/2020\/03\/Tomillo-Rebost-Avi-Llu\u00eds-2-768x576.jpg 768w, https:\/\/www.rebostavilluis.com\/wp-content\/uploads\/2020\/03\/Tomillo-Rebost-Avi-Llu\u00eds-2-600x450.jpg 600w, https:\/\/www.rebostavilluis.com\/wp-content\/uploads\/2020\/03\/Tomillo-Rebost-Avi-Llu\u00eds-2.jpg 1133w\" data-sizes=\"(max-width: 1024px) 100vw, 1024px\" src=\"data:image\/svg+xml;base64,PHN2ZyB3aWR0aD0iMSIgaGVpZ2h0PSIxIiB4bWxucz0iaHR0cDovL3d3dy53My5vcmcvMjAwMC9zdmciPjwvc3ZnPg==\" style=\"--smush-placeholder-width: 1024px; --smush-placeholder-aspect-ratio: 1024\/768;\" \/><\/a>\n\t\t\t<\/div><\/figure><figure class='gallery-item'>\n\t\t\t<div class='gallery-icon landscape'>\n\t\t\t\t<a href='https:\/\/www.rebostavilluis.com\/es\/comprar-miel\/miel-de-tomillo\/tomillo-rebost-avi-lluis-3\/#main'><img decoding=\"async\" width=\"1024\" height=\"750\" data-src=\"https:\/\/www.rebostavilluis.com\/wp-content\/uploads\/2020\/03\/Tomillo-Rebost-Avi-Llu\u00eds-3-1024x750.jpg\" class=\"attachment-large size-large lazyload\" alt=\"\" data-srcset=\"https:\/\/www.rebostavilluis.com\/wp-content\/uploads\/2020\/03\/Tomillo-Rebost-Avi-Llu\u00eds-3-1024x750.jpg 1024w, https:\/\/www.rebostavilluis.com\/wp-content\/uploads\/2020\/03\/Tomillo-Rebost-Avi-Llu\u00eds-3-300x220.jpg 300w, https:\/\/www.rebostavilluis.com\/wp-content\/uploads\/2020\/03\/Tomillo-Rebost-Avi-Llu\u00eds-3-768x563.jpg 768w, https:\/\/www.rebostavilluis.com\/wp-content\/uploads\/2020\/03\/Tomillo-Rebost-Avi-Llu\u00eds-3-600x440.jpg 600w, https:\/\/www.rebostavilluis.com\/wp-content\/uploads\/2020\/03\/Tomillo-Rebost-Avi-Llu\u00eds-3.jpg 1134w\" data-sizes=\"(max-width: 1024px) 100vw, 1024px\" src=\"data:image\/svg+xml;base64,PHN2ZyB3aWR0aD0iMSIgaGVpZ2h0PSIxIiB4bWxucz0iaHR0cDovL3d3dy53My5vcmcvMjAwMC9zdmciPjwvc3ZnPg==\" style=\"--smush-placeholder-width: 1024px; --smush-placeholder-aspect-ratio: 1024\/750;\" \/><\/a>\n\t\t\t<\/div><\/figure>\n\t\t<\/div>\n\n<h2><span style=\"color: #000000;\">Caracter\u00edsticas de la miel de tomillo<\/span><\/h2>\n<p><span style=\"color: #000000;\">La producci\u00f3n de la miel de tomillo es bastante extensa. Dependiendo de la zona hay unos tipos de tomillo u otros. Es una miel de dif\u00edcil producci\u00f3n para las abejas ya que es una planta que le afecta mucho la climatolog\u00eda a la hora de producir n\u00e9ctar.<\/span><\/p>\n<p><span style=\"color: #000000;\">Las diferencias en cuanto a la\u00a0<a style=\"color: #000000;\" href=\"https:\/\/www.rebostavilluis.com\/es\/miel-de-romero\/\">miel de romero<\/a> es\u00a0que su aroma es muy intenso. En este tipo de miel se puede apreciar el olor tan caracter\u00edstico de la planta del tomillo.<\/span><\/p>\n<h2><span style=\"color: #000000;\">Propiedades de la miel de tomillo<\/span><\/h2>\n<p><span style=\"color: #000000;\">La miel de tomillo, de igual modo que la planta, posee toda una serie de propiedades, algunas de ellas: color \u00e1mbar, aroma intenso y herbal, sabor dulce con toques \u00e1cidos, textura espesa, baja humedad y perfecta para utilizar con carnes a la brasa.<\/span><\/p>\n<h2><span style=\"color: #000000;\">C\u00f3mo tomar la miel de tomillo<\/span><\/h2>\n<p><span style=\"color: #000000;\">\u00c9sta miel es especialmente dulce y suave al paladar, por lo que suele ser uno de los tipos de miel preferidos para los amantes del consumo de miel natural. Es ideal para poner en el reques\u00f3n, yogur, frutos secos y para cocinar.<\/span><\/p>\n<h2><span style=\"color: #000000;\">Miel de thym<\/span><\/h2>\n<p><span style=\"color: #000000;\">El tomillo, pertenece a un grupo de hiervas silvestres que cient\u00edficamente se denomina <a style=\"color: #000000;\" href=\"https:\/\/es.wikipedia.org\/wiki\/Thymus\">Thymus<\/a>. Es por este motivo que quiz\u00e1s has podido escuchar o leer sobre este tipo de miel. En realidad, gen\u00e9ricamente se refiere a la miel de tomillo.<\/span><\/p>\n<h2><span style=\"color: #000000;\">Tienda online<\/span><\/h2>\n<p><span style=\"color: #000000;\">Lo m\u00e1s aconsejable es comprar la miel de Tomillo directamente a apicultores artesanos.<\/span><br \/>\n<span style=\"color: #000000;\">Justo eso es lo que te ofrecemos en el Rebost de l&#8217;Avi Llu\u00eds. Somos una empresa familiar con m\u00e1s de tres generaciones dedicadas plenamente a la apicultura, por lo que puedes comprar en nuestra tienda online miel de Tomillo\u00a0natural y de m\u00e1xima calidad con toda confianza y garant\u00eda.<\/span><\/p>\n","protected":false},"excerpt":{"rendered":"<p>Miel de Tomillo Caracter\u00edsticas de la miel de tomillo FICHA T\u00c9CNICA Es producida por el n\u00e9ctar procedente de la flor del tomillo. Tiene un color \u00e1mbar oscuro tirando a rojizo, su gusto es dulce y suave con claras notas \u00e1cidas, &#8230; <a title=\"Miel de Tomillo\" class=\"read-more\" href=\"https:\/\/www.rebostavilluis.com\/es\/comprar-miel\/miel-de-tomillo\/\" aria-label=\"Leer m\u00e1s sobre Miel de Tomillo\">Leer m\u00e1s<\/a><\/p>\n","protected":false},"author":1,"featured_media":0,"parent":1243,"menu_order":0,"comment_status":"closed","ping_status":"closed","template":"","meta":{"_joinchat":[],"footnotes":""},"class_list":{"0":"post-1268","1":"page","2":"type-page","3":"status-publish","5":"infinite-scroll-item"},"yoast_head":"<!-- This site is optimized with the Yoast SEO plugin v27.3 - https:\/\/yoast.com\/product\/yoast-seo-wordpress\/ -->\n<title>\u25b7 Comprar Miel de Tomillo<\/title>\n<meta name=\"description\" content=\"Comprar Miel de Tomillo pura y artesanal. Compra tu Miel directamente al Apicultor y disfruta de la M\u00e1xima Calidad \u2705 \u00a1Descubre nuestras ofertas! Env\u00edo 24-48h\" \/>\n<meta name=\"robots\" content=\"index, follow, max-snippet:-1, max-image-preview:large, max-video-preview:-1\" \/>\n<link rel=\"canonical\" href=\"https:\/\/www.rebostavilluis.com\/es\/comprar-miel\/miel-de-tomillo\/\" \/>\n<meta property=\"og:locale\" content=\"es_ES\" \/>\n<meta property=\"og:type\" content=\"article\" \/>\n<meta property=\"og:title\" content=\"\u25b7 Comprar Miel de Tomillo\" \/>\n<meta property=\"og:description\" content=\"Comprar Miel de Tomillo pura y artesanal. Compra tu Miel directamente al Apicultor y disfruta de la M\u00e1xima Calidad \u2705 \u00a1Descubre nuestras ofertas! Env\u00edo 24-48h\" \/>\n<meta property=\"og:url\" content=\"https:\/\/www.rebostavilluis.com\/es\/comprar-miel\/miel-de-tomillo\/\" \/>\n<meta property=\"og:site_name\" content=\"El Rebost de l&#039;Avi llu&iacute;s\" \/>\n<meta property=\"article:modified_time\" content=\"2025-09-04T09:01:16+00:00\" \/>\n<meta property=\"og:image\" content=\"https:\/\/www.rebostavilluis.com\/wp-content\/uploads\/2020\/03\/Tomillo-Rebost-Avi-Llu\u00eds-1-1024x768.jpg\" \/>\n<meta name=\"twitter:card\" content=\"summary_large_image\" \/>\n<meta name=\"twitter:label1\" content=\"Tiempo de lectura\" \/>\n\t<meta name=\"twitter:data1\" content=\"2 minutos\" \/>\n<script type=\"application\/ld+json\" class=\"yoast-schema-graph\">{\"@context\":\"https:\\\/\\\/schema.org\",\"@graph\":[{\"@type\":\"WebPage\",\"@id\":\"https:\\\/\\\/www.rebostavilluis.com\\\/es\\\/comprar-miel\\\/miel-de-tomillo\\\/\",\"url\":\"https:\\\/\\\/www.rebostavilluis.com\\\/es\\\/comprar-miel\\\/miel-de-tomillo\\\/\",\"name\":\"\u25b7 Comprar Miel de Tomillo\",\"isPartOf\":{\"@id\":\"https:\\\/\\\/www.rebostavilluis.com\\\/es\\\/#website\"},\"datePublished\":\"2018-12-28T09:48:08+00:00\",\"dateModified\":\"2025-09-04T09:01:16+00:00\",\"description\":\"Comprar Miel de Tomillo pura y artesanal. Compra tu Miel directamente al Apicultor y disfruta de la M\u00e1xima Calidad \u2705 \u00a1Descubre nuestras ofertas! Env\u00edo 24-48h\",\"breadcrumb\":{\"@id\":\"https:\\\/\\\/www.rebostavilluis.com\\\/es\\\/comprar-miel\\\/miel-de-tomillo\\\/#breadcrumb\"},\"inLanguage\":\"es\",\"potentialAction\":[{\"@type\":\"ReadAction\",\"target\":[\"https:\\\/\\\/www.rebostavilluis.com\\\/es\\\/comprar-miel\\\/miel-de-tomillo\\\/\"]}]},{\"@type\":\"BreadcrumbList\",\"@id\":\"https:\\\/\\\/www.rebostavilluis.com\\\/es\\\/comprar-miel\\\/miel-de-tomillo\\\/#breadcrumb\",\"itemListElement\":[{\"@type\":\"ListItem\",\"position\":1,\"name\":\"Portada\",\"item\":\"https:\\\/\\\/www.rebostavilluis.com\\\/es\\\/\"},{\"@type\":\"ListItem\",\"position\":2,\"name\":\"Miel\",\"item\":\"https:\\\/\\\/www.rebostavilluis.com\\\/es\\\/comprar-miel\\\/\"},{\"@type\":\"ListItem\",\"position\":3,\"name\":\"Miel de Tomillo\"}]},{\"@type\":\"WebSite\",\"@id\":\"https:\\\/\\\/www.rebostavilluis.com\\\/es\\\/#website\",\"url\":\"https:\\\/\\\/www.rebostavilluis.com\\\/es\\\/\",\"name\":\"El Rebost de l'Avi llu&iacute;s\",\"description\":\"Mel del Perell&oacute;\",\"publisher\":{\"@id\":\"https:\\\/\\\/www.rebostavilluis.com\\\/es\\\/#organization\"},\"potentialAction\":[{\"@type\":\"SearchAction\",\"target\":{\"@type\":\"EntryPoint\",\"urlTemplate\":\"https:\\\/\\\/www.rebostavilluis.com\\\/es\\\/?s={search_term_string}\"},\"query-input\":{\"@type\":\"PropertyValueSpecification\",\"valueRequired\":true,\"valueName\":\"search_term_string\"}}],\"inLanguage\":\"es\"},{\"@type\":\"Organization\",\"@id\":\"https:\\\/\\\/www.rebostavilluis.com\\\/es\\\/#organization\",\"name\":\"El Rebost de l'Avi llu&iacute;s\",\"url\":\"https:\\\/\\\/www.rebostavilluis.com\\\/es\\\/\",\"logo\":{\"@type\":\"ImageObject\",\"inLanguage\":\"es\",\"@id\":\"https:\\\/\\\/www.rebostavilluis.com\\\/es\\\/#\\\/schema\\\/logo\\\/image\\\/\",\"url\":\"https:\\\/\\\/www.rebostavilluis.com\\\/wp-content\\\/uploads\\\/2021\\\/06\\\/logo.png\",\"contentUrl\":\"https:\\\/\\\/www.rebostavilluis.com\\\/wp-content\\\/uploads\\\/2021\\\/06\\\/logo.png\",\"width\":273,\"height\":74,\"caption\":\"El Rebost de l'Avi llu&iacute;s\"},\"image\":{\"@id\":\"https:\\\/\\\/www.rebostavilluis.com\\\/es\\\/#\\\/schema\\\/logo\\\/image\\\/\"}}]}<\/script>\n<!-- \/ Yoast SEO plugin. -->","yoast_head_json":{"title":"\u25b7 Comprar Miel de Tomillo","description":"Comprar Miel de Tomillo pura y artesanal. Compra tu Miel directamente al Apicultor y disfruta de la M\u00e1xima Calidad \u2705 \u00a1Descubre nuestras ofertas! Env\u00edo 24-48h","robots":{"index":"index","follow":"follow","max-snippet":"max-snippet:-1","max-image-preview":"max-image-preview:large","max-video-preview":"max-video-preview:-1"},"canonical":"https:\/\/www.rebostavilluis.com\/es\/comprar-miel\/miel-de-tomillo\/","og_locale":"es_ES","og_type":"article","og_title":"\u25b7 Comprar Miel de Tomillo","og_description":"Comprar Miel de Tomillo pura y artesanal. Compra tu Miel directamente al Apicultor y disfruta de la M\u00e1xima Calidad \u2705 \u00a1Descubre nuestras ofertas! Env\u00edo 24-48h","og_url":"https:\/\/www.rebostavilluis.com\/es\/comprar-miel\/miel-de-tomillo\/","og_site_name":"El Rebost de l'Avi llu&iacute;s","article_modified_time":"2025-09-04T09:01:16+00:00","og_image":[{"url":"https:\/\/www.rebostavilluis.com\/wp-content\/uploads\/2020\/03\/Tomillo-Rebost-Avi-Llu\u00eds-1-1024x768.jpg","type":"","width":"","height":""}],"twitter_card":"summary_large_image","twitter_misc":{"Tiempo de lectura":"2 minutos"},"schema":{"@context":"https:\/\/schema.org","@graph":[{"@type":"WebPage","@id":"https:\/\/www.rebostavilluis.com\/es\/comprar-miel\/miel-de-tomillo\/","url":"https:\/\/www.rebostavilluis.com\/es\/comprar-miel\/miel-de-tomillo\/","name":"\u25b7 Comprar Miel de Tomillo","isPartOf":{"@id":"https:\/\/www.rebostavilluis.com\/es\/#website"},"datePublished":"2018-12-28T09:48:08+00:00","dateModified":"2025-09-04T09:01:16+00:00","description":"Comprar Miel de Tomillo pura y artesanal. Compra tu Miel directamente al Apicultor y disfruta de la M\u00e1xima Calidad \u2705 \u00a1Descubre nuestras ofertas! Env\u00edo 24-48h","breadcrumb":{"@id":"https:\/\/www.rebostavilluis.com\/es\/comprar-miel\/miel-de-tomillo\/#breadcrumb"},"inLanguage":"es","potentialAction":[{"@type":"ReadAction","target":["https:\/\/www.rebostavilluis.com\/es\/comprar-miel\/miel-de-tomillo\/"]}]},{"@type":"BreadcrumbList","@id":"https:\/\/www.rebostavilluis.com\/es\/comprar-miel\/miel-de-tomillo\/#breadcrumb","itemListElement":[{"@type":"ListItem","position":1,"name":"Portada","item":"https:\/\/www.rebostavilluis.com\/es\/"},{"@type":"ListItem","position":2,"name":"Miel","item":"https:\/\/www.rebostavilluis.com\/es\/comprar-miel\/"},{"@type":"ListItem","position":3,"name":"Miel de Tomillo"}]},{"@type":"WebSite","@id":"https:\/\/www.rebostavilluis.com\/es\/#website","url":"https:\/\/www.rebostavilluis.com\/es\/","name":"El Rebost de l'Avi llu&iacute;s","description":"Mel del Perell&oacute;","publisher":{"@id":"https:\/\/www.rebostavilluis.com\/es\/#organization"},"potentialAction":[{"@type":"SearchAction","target":{"@type":"EntryPoint","urlTemplate":"https:\/\/www.rebostavilluis.com\/es\/?s={search_term_string}"},"query-input":{"@type":"PropertyValueSpecification","valueRequired":true,"valueName":"search_term_string"}}],"inLanguage":"es"},{"@type":"Organization","@id":"https:\/\/www.rebostavilluis.com\/es\/#organization","name":"El Rebost de l'Avi llu&iacute;s","url":"https:\/\/www.rebostavilluis.com\/es\/","logo":{"@type":"ImageObject","inLanguage":"es","@id":"https:\/\/www.rebostavilluis.com\/es\/#\/schema\/logo\/image\/","url":"https:\/\/www.rebostavilluis.com\/wp-content\/uploads\/2021\/06\/logo.png","contentUrl":"https:\/\/www.rebostavilluis.com\/wp-content\/uploads\/2021\/06\/logo.png","width":273,"height":74,"caption":"El Rebost de l'Avi llu&iacute;s"},"image":{"@id":"https:\/\/www.rebostavilluis.com\/es\/#\/schema\/logo\/image\/"}}]}},"_links":{"self":[{"href":"https:\/\/www.rebostavilluis.com\/es\/wp-json\/wp\/v2\/pages\/1268","targetHints":{"allow":["GET"]}}],"collection":[{"href":"https:\/\/www.rebostavilluis.com\/es\/wp-json\/wp\/v2\/pages"}],"about":[{"href":"https:\/\/www.rebostavilluis.com\/es\/wp-json\/wp\/v2\/types\/page"}],"author":[{"embeddable":true,"href":"https:\/\/www.rebostavilluis.com\/es\/wp-json\/wp\/v2\/users\/1"}],"replies":[{"embeddable":true,"href":"https:\/\/www.rebostavilluis.com\/es\/wp-json\/wp\/v2\/comments?post=1268"}],"version-history":[{"count":14,"href":"https:\/\/www.rebostavilluis.com\/es\/wp-json\/wp\/v2\/pages\/1268\/revisions"}],"predecessor-version":[{"id":15776,"href":"https:\/\/www.rebostavilluis.com\/es\/wp-json\/wp\/v2\/pages\/1268\/revisions\/15776"}],"up":[{"embeddable":true,"href":"https:\/\/www.rebostavilluis.com\/es\/wp-json\/wp\/v2\/pages\/1243"}],"wp:attachment":[{"href":"https:\/\/www.rebostavilluis.com\/es\/wp-json\/wp\/v2\/media?parent=1268"}],"curies":[{"name":"wp","href":"https:\/\/api.w.org\/{rel}","templated":true}]}}