{"id":17724,"date":"2026-04-27T10:32:52","date_gmt":"2026-04-27T08:32:52","guid":{"rendered":"https:\/\/www.rebostavilluis.com\/?post_type=product&#038;p=17724"},"modified":"2026-04-27T10:37:18","modified_gmt":"2026-04-27T08:37:18","slug":"gel-nutritivo-capilar-%c2%b7-la-chinata","status":"publish","type":"product","link":"https:\/\/www.rebostavilluis.com\/es\/comprar\/gel-nutritivo-capilar-%c2%b7-la-chinata\/","title":{"rendered":"Gel Nutritivo Capilar \u00b7 La Chinata"},"content":{"rendered":"","protected":false},"excerpt":{"rendered":"<p>Nuestro <b data-path-to-node=\"7\" data-index-in-node=\"30\">Gel Nutritivo Capilar<\/b> es el producto definitivo para definir tu estilo sin renunciar a la salud de tu cabello. Gracias a su f\u00f3rmula enriquecida con extractos naturales, act\u00faa como un tratamiento 2 en 1: proporciona una fijaci\u00f3n flexible mientras nutre la fibra capilar. En los <b data-path-to-node=\"7\" data-index-in-node=\"307\">cabellos rizados<\/b>, define la onda y el rizo sin dejarlos r\u00edgidos; en los <b data-path-to-node=\"7\" data-index-in-node=\"379\">cabellos lisos<\/b>, ayuda a controlar la electricidad est\u00e1tica y aporta un brillo sedoso. Un b\u00e1sico de belleza capilar en el <b data-path-to-node=\"7\" data-index-in-node=\"500\">Rebost de l&#8217;Avi Llu\u00eds<\/b>.<\/p>\n<ul>\n<li>\n<p data-path-to-node=\"8,0,0\"><b data-path-to-node=\"8,0,0\" data-index-in-node=\"0\">Propiedades:<\/b> Nutritivo, antiencrespamiento y fijaci\u00f3n natural.<\/p>\n<\/li>\n<li>\n<p data-path-to-node=\"8,1,0\"><b data-path-to-node=\"8,1,0\" data-index-in-node=\"0\">Textura:<\/b> Gel ligero, no pegajoso y que no deja residuos blanquecinos.<\/p>\n<\/li>\n<li>\n<p data-path-to-node=\"8,2,0\"><b data-path-to-node=\"8,2,0\" data-index-in-node=\"0\">Consejos de uso:<\/b> Aplicar una peque\u00f1a cantidad sobre el cabello h\u00famedo o seco. Para rizos, trabajar con los dedos para dar forma; para lisos, extender con un peine para un acabado pulido. No necesita aclarado.<\/p>\n<\/li>\n<\/ul>\n","protected":false},"featured_media":17723,"template":"","meta":{"_joinchat":[]},"product_brand":[],"product_cat":[497,73,309],"product_tag":[],"class_list":{"0":"post-17724","1":"product","2":"type-product","3":"status-publish","4":"has-post-thumbnail","6":"product_cat-cosmetica-capilar-es","7":"product_cat-cosmeticos","8":"product_cat-novedades","9":"infinite-scroll-item","10":"sales-flash-overlay","11":"woocommerce-text-align-center","12":"woocommerce-image-align-center","13":"do-quantity-buttons","15":"first","16":"instock","17":"shipping-taxable","18":"purchasable","19":"product-type-simple"},"yoast_head":"<!-- This site is optimized with the Yoast SEO plugin v27.3 - https:\/\/yoast.com\/product\/yoast-seo-wordpress\/ -->\n<title>Gel Nutritivo Capilar \u00b7 La Chinata - El Rebost de l&#039;Avi llu&iacute;s<\/title>\n<meta name=\"robots\" content=\"index, follow, max-snippet:-1, max-image-preview:large, max-video-preview:-1\" \/>\n<link rel=\"canonical\" href=\"https:\/\/www.rebostavilluis.com\/es\/comprar\/gel-nutritivo-capilar-%c2%b7-la-chinata\/\" \/>\n<meta property=\"og:locale\" content=\"es_ES\" \/>\n<meta property=\"og:type\" content=\"article\" \/>\n<meta property=\"og:title\" content=\"Gel Nutritivo Capilar \u00b7 La Chinata - El Rebost de l&#039;Avi llu&iacute;s\" \/>\n<meta property=\"og:description\" content=\"Nuestro Gel Nutritivo Capilar es el producto definitivo para definir tu estilo sin renunciar a la salud de tu cabello. Gracias a su f\u00f3rmula enriquecida con extractos naturales, act\u00faa como un tratamiento 2 en 1: proporciona una fijaci\u00f3n flexible mientras nutre la fibra capilar. En los cabellos rizados, define la onda y el rizo sin dejarlos r\u00edgidos; en los cabellos lisos, ayuda a controlar la electricidad est\u00e1tica y aporta un brillo sedoso. Un b\u00e1sico de belleza capilar en el Rebost de l&#039;Avi Llu\u00eds.    Propiedades: Nutritivo, antiencrespamiento y fijaci\u00f3n natural.    Textura: Gel ligero, no pegajoso y que no deja residuos blanquecinos.    Consejos de uso: Aplicar una peque\u00f1a cantidad sobre el cabello h\u00famedo o seco. Para rizos, trabajar con los dedos para dar forma; para lisos, extender con un peine para un acabado pulido. No necesita aclarado.\" \/>\n<meta property=\"og:url\" content=\"https:\/\/www.rebostavilluis.com\/es\/comprar\/gel-nutritivo-capilar-%c2%b7-la-chinata\/\" \/>\n<meta property=\"og:site_name\" content=\"El Rebost de l&#039;Avi llu&iacute;s\" \/>\n<meta property=\"article:modified_time\" content=\"2026-04-27T08:37:18+00:00\" \/>\n<meta property=\"og:image\" content=\"https:\/\/www.rebostavilluis.com\/wp-content\/uploads\/2026\/04\/Captura-de-pantalla-2026-04-27-a-las-10.32.02.png\" \/>\n\t<meta property=\"og:image:width\" content=\"731\" \/>\n\t<meta property=\"og:image:height\" content=\"708\" \/>\n\t<meta property=\"og:image:type\" content=\"image\/png\" \/>\n<meta name=\"twitter:card\" content=\"summary_large_image\" \/>\n<script type=\"application\/ld+json\" class=\"yoast-schema-graph\">{\"@context\":\"https:\\\/\\\/schema.org\",\"@graph\":[{\"@type\":\"WebPage\",\"@id\":\"https:\\\/\\\/www.rebostavilluis.com\\\/es\\\/comprar\\\/gel-nutritivo-capilar-%c2%b7-la-chinata\\\/\",\"url\":\"https:\\\/\\\/www.rebostavilluis.com\\\/es\\\/comprar\\\/gel-nutritivo-capilar-%c2%b7-la-chinata\\\/\",\"name\":\"Gel Nutritivo Capilar \u00b7 La Chinata - El Rebost de l'Avi llu&iacute;s\",\"isPartOf\":{\"@id\":\"https:\\\/\\\/www.rebostavilluis.com\\\/es\\\/#website\"},\"primaryImageOfPage\":{\"@id\":\"https:\\\/\\\/www.rebostavilluis.com\\\/es\\\/comprar\\\/gel-nutritivo-capilar-%c2%b7-la-chinata\\\/#primaryimage\"},\"image\":{\"@id\":\"https:\\\/\\\/www.rebostavilluis.com\\\/es\\\/comprar\\\/gel-nutritivo-capilar-%c2%b7-la-chinata\\\/#primaryimage\"},\"thumbnailUrl\":\"https:\\\/\\\/www.rebostavilluis.com\\\/wp-content\\\/uploads\\\/2026\\\/04\\\/Captura-de-pantalla-2026-04-27-a-las-10.32.02.png\",\"datePublished\":\"2026-04-27T08:32:52+00:00\",\"dateModified\":\"2026-04-27T08:37:18+00:00\",\"breadcrumb\":{\"@id\":\"https:\\\/\\\/www.rebostavilluis.com\\\/es\\\/comprar\\\/gel-nutritivo-capilar-%c2%b7-la-chinata\\\/#breadcrumb\"},\"inLanguage\":\"es\",\"potentialAction\":[{\"@type\":\"ReadAction\",\"target\":[\"https:\\\/\\\/www.rebostavilluis.com\\\/es\\\/comprar\\\/gel-nutritivo-capilar-%c2%b7-la-chinata\\\/\"]}]},{\"@type\":\"ImageObject\",\"inLanguage\":\"es\",\"@id\":\"https:\\\/\\\/www.rebostavilluis.com\\\/es\\\/comprar\\\/gel-nutritivo-capilar-%c2%b7-la-chinata\\\/#primaryimage\",\"url\":\"https:\\\/\\\/www.rebostavilluis.com\\\/wp-content\\\/uploads\\\/2026\\\/04\\\/Captura-de-pantalla-2026-04-27-a-las-10.32.02.png\",\"contentUrl\":\"https:\\\/\\\/www.rebostavilluis.com\\\/wp-content\\\/uploads\\\/2026\\\/04\\\/Captura-de-pantalla-2026-04-27-a-las-10.32.02.png\",\"width\":731,\"height\":708},{\"@type\":\"BreadcrumbList\",\"@id\":\"https:\\\/\\\/www.rebostavilluis.com\\\/es\\\/comprar\\\/gel-nutritivo-capilar-%c2%b7-la-chinata\\\/#breadcrumb\",\"itemListElement\":[{\"@type\":\"ListItem\",\"position\":1,\"name\":\"Portada\",\"item\":\"https:\\\/\\\/www.rebostavilluis.com\\\/es\\\/\"},{\"@type\":\"ListItem\",\"position\":2,\"name\":\"Tienda\",\"item\":\"https:\\\/\\\/www.rebostavilluis.com\\\/es\\\/tienda\\\/\"},{\"@type\":\"ListItem\",\"position\":3,\"name\":\"Gel Nutritivo Capilar \u00b7 La Chinata\"}]},{\"@type\":\"WebSite\",\"@id\":\"https:\\\/\\\/www.rebostavilluis.com\\\/es\\\/#website\",\"url\":\"https:\\\/\\\/www.rebostavilluis.com\\\/es\\\/\",\"name\":\"El Rebost de l'Avi llu&iacute;s\",\"description\":\"Mel del Perell&oacute;\",\"publisher\":{\"@id\":\"https:\\\/\\\/www.rebostavilluis.com\\\/es\\\/#organization\"},\"potentialAction\":[{\"@type\":\"SearchAction\",\"target\":{\"@type\":\"EntryPoint\",\"urlTemplate\":\"https:\\\/\\\/www.rebostavilluis.com\\\/es\\\/?s={search_term_string}\"},\"query-input\":{\"@type\":\"PropertyValueSpecification\",\"valueRequired\":true,\"valueName\":\"search_term_string\"}}],\"inLanguage\":\"es\"},{\"@type\":\"Organization\",\"@id\":\"https:\\\/\\\/www.rebostavilluis.com\\\/es\\\/#organization\",\"name\":\"El Rebost de l'Avi llu&iacute;s\",\"url\":\"https:\\\/\\\/www.rebostavilluis.com\\\/es\\\/\",\"logo\":{\"@type\":\"ImageObject\",\"inLanguage\":\"es\",\"@id\":\"https:\\\/\\\/www.rebostavilluis.com\\\/es\\\/#\\\/schema\\\/logo\\\/image\\\/\",\"url\":\"https:\\\/\\\/www.rebostavilluis.com\\\/wp-content\\\/uploads\\\/2021\\\/06\\\/logo.png\",\"contentUrl\":\"https:\\\/\\\/www.rebostavilluis.com\\\/wp-content\\\/uploads\\\/2021\\\/06\\\/logo.png\",\"width\":273,\"height\":74,\"caption\":\"El Rebost de l'Avi llu&iacute;s\"},\"image\":{\"@id\":\"https:\\\/\\\/www.rebostavilluis.com\\\/es\\\/#\\\/schema\\\/logo\\\/image\\\/\"}}]}<\/script>\n<!-- \/ Yoast SEO plugin. -->","yoast_head_json":{"title":"Gel Nutritivo Capilar \u00b7 La Chinata - El Rebost de l'Avi llu&iacute;s","robots":{"index":"index","follow":"follow","max-snippet":"max-snippet:-1","max-image-preview":"max-image-preview:large","max-video-preview":"max-video-preview:-1"},"canonical":"https:\/\/www.rebostavilluis.com\/es\/comprar\/gel-nutritivo-capilar-%c2%b7-la-chinata\/","og_locale":"es_ES","og_type":"article","og_title":"Gel Nutritivo Capilar \u00b7 La Chinata - El Rebost de l'Avi llu&iacute;s","og_description":"Nuestro Gel Nutritivo Capilar es el producto definitivo para definir tu estilo sin renunciar a la salud de tu cabello. Gracias a su f\u00f3rmula enriquecida con extractos naturales, act\u00faa como un tratamiento 2 en 1: proporciona una fijaci\u00f3n flexible mientras nutre la fibra capilar. En los cabellos rizados, define la onda y el rizo sin dejarlos r\u00edgidos; en los cabellos lisos, ayuda a controlar la electricidad est\u00e1tica y aporta un brillo sedoso. Un b\u00e1sico de belleza capilar en el Rebost de l'Avi Llu\u00eds.    Propiedades: Nutritivo, antiencrespamiento y fijaci\u00f3n natural.    Textura: Gel ligero, no pegajoso y que no deja residuos blanquecinos.    Consejos de uso: Aplicar una peque\u00f1a cantidad sobre el cabello h\u00famedo o seco. Para rizos, trabajar con los dedos para dar forma; para lisos, extender con un peine para un acabado pulido. No necesita aclarado.","og_url":"https:\/\/www.rebostavilluis.com\/es\/comprar\/gel-nutritivo-capilar-%c2%b7-la-chinata\/","og_site_name":"El Rebost de l'Avi llu&iacute;s","article_modified_time":"2026-04-27T08:37:18+00:00","og_image":[{"width":731,"height":708,"url":"https:\/\/www.rebostavilluis.com\/wp-content\/uploads\/2026\/04\/Captura-de-pantalla-2026-04-27-a-las-10.32.02.png","type":"image\/png"}],"twitter_card":"summary_large_image","schema":{"@context":"https:\/\/schema.org","@graph":[{"@type":"WebPage","@id":"https:\/\/www.rebostavilluis.com\/es\/comprar\/gel-nutritivo-capilar-%c2%b7-la-chinata\/","url":"https:\/\/www.rebostavilluis.com\/es\/comprar\/gel-nutritivo-capilar-%c2%b7-la-chinata\/","name":"Gel Nutritivo Capilar \u00b7 La Chinata - El Rebost de l'Avi llu&iacute;s","isPartOf":{"@id":"https:\/\/www.rebostavilluis.com\/es\/#website"},"primaryImageOfPage":{"@id":"https:\/\/www.rebostavilluis.com\/es\/comprar\/gel-nutritivo-capilar-%c2%b7-la-chinata\/#primaryimage"},"image":{"@id":"https:\/\/www.rebostavilluis.com\/es\/comprar\/gel-nutritivo-capilar-%c2%b7-la-chinata\/#primaryimage"},"thumbnailUrl":"https:\/\/www.rebostavilluis.com\/wp-content\/uploads\/2026\/04\/Captura-de-pantalla-2026-04-27-a-las-10.32.02.png","datePublished":"2026-04-27T08:32:52+00:00","dateModified":"2026-04-27T08:37:18+00:00","breadcrumb":{"@id":"https:\/\/www.rebostavilluis.com\/es\/comprar\/gel-nutritivo-capilar-%c2%b7-la-chinata\/#breadcrumb"},"inLanguage":"es","potentialAction":[{"@type":"ReadAction","target":["https:\/\/www.rebostavilluis.com\/es\/comprar\/gel-nutritivo-capilar-%c2%b7-la-chinata\/"]}]},{"@type":"ImageObject","inLanguage":"es","@id":"https:\/\/www.rebostavilluis.com\/es\/comprar\/gel-nutritivo-capilar-%c2%b7-la-chinata\/#primaryimage","url":"https:\/\/www.rebostavilluis.com\/wp-content\/uploads\/2026\/04\/Captura-de-pantalla-2026-04-27-a-las-10.32.02.png","contentUrl":"https:\/\/www.rebostavilluis.com\/wp-content\/uploads\/2026\/04\/Captura-de-pantalla-2026-04-27-a-las-10.32.02.png","width":731,"height":708},{"@type":"BreadcrumbList","@id":"https:\/\/www.rebostavilluis.com\/es\/comprar\/gel-nutritivo-capilar-%c2%b7-la-chinata\/#breadcrumb","itemListElement":[{"@type":"ListItem","position":1,"name":"Portada","item":"https:\/\/www.rebostavilluis.com\/es\/"},{"@type":"ListItem","position":2,"name":"Tienda","item":"https:\/\/www.rebostavilluis.com\/es\/tienda\/"},{"@type":"ListItem","position":3,"name":"Gel Nutritivo Capilar \u00b7 La Chinata"}]},{"@type":"WebSite","@id":"https:\/\/www.rebostavilluis.com\/es\/#website","url":"https:\/\/www.rebostavilluis.com\/es\/","name":"El Rebost de l'Avi llu&iacute;s","description":"Mel del Perell&oacute;","publisher":{"@id":"https:\/\/www.rebostavilluis.com\/es\/#organization"},"potentialAction":[{"@type":"SearchAction","target":{"@type":"EntryPoint","urlTemplate":"https:\/\/www.rebostavilluis.com\/es\/?s={search_term_string}"},"query-input":{"@type":"PropertyValueSpecification","valueRequired":true,"valueName":"search_term_string"}}],"inLanguage":"es"},{"@type":"Organization","@id":"https:\/\/www.rebostavilluis.com\/es\/#organization","name":"El Rebost de l'Avi llu&iacute;s","url":"https:\/\/www.rebostavilluis.com\/es\/","logo":{"@type":"ImageObject","inLanguage":"es","@id":"https:\/\/www.rebostavilluis.com\/es\/#\/schema\/logo\/image\/","url":"https:\/\/www.rebostavilluis.com\/wp-content\/uploads\/2021\/06\/logo.png","contentUrl":"https:\/\/www.rebostavilluis.com\/wp-content\/uploads\/2021\/06\/logo.png","width":273,"height":74,"caption":"El Rebost de l'Avi llu&iacute;s"},"image":{"@id":"https:\/\/www.rebostavilluis.com\/es\/#\/schema\/logo\/image\/"}}]}},"_links":{"self":[{"href":"https:\/\/www.rebostavilluis.com\/es\/wp-json\/wp\/v2\/product\/17724","targetHints":{"allow":["GET"]}}],"collection":[{"href":"https:\/\/www.rebostavilluis.com\/es\/wp-json\/wp\/v2\/product"}],"about":[{"href":"https:\/\/www.rebostavilluis.com\/es\/wp-json\/wp\/v2\/types\/product"}],"wp:featuredmedia":[{"embeddable":true,"href":"https:\/\/www.rebostavilluis.com\/es\/wp-json\/wp\/v2\/media\/17723"}],"wp:attachment":[{"href":"https:\/\/www.rebostavilluis.com\/es\/wp-json\/wp\/v2\/media?parent=17724"}],"wp:term":[{"taxonomy":"product_brand","embeddable":true,"href":"https:\/\/www.rebostavilluis.com\/es\/wp-json\/wp\/v2\/product_brand?post=17724"},{"taxonomy":"product_cat","embeddable":true,"href":"https:\/\/www.rebostavilluis.com\/es\/wp-json\/wp\/v2\/product_cat?post=17724"},{"taxonomy":"product_tag","embeddable":true,"href":"https:\/\/www.rebostavilluis.com\/es\/wp-json\/wp\/v2\/product_tag?post=17724"}],"curies":[{"name":"wp","href":"https:\/\/api.w.org\/{rel}","templated":true}]}}